{"id":9,"date":"2025-08-13T10:03:03","date_gmt":"2025-08-13T09:03:03","guid":{"rendered":"https:\/\/minervans.es\/?page_id=9"},"modified":"2025-09-09T12:39:03","modified_gmt":"2025-09-09T11:39:03","slug":"inicio","status":"publish","type":"page","link":"https:\/\/minervans.es\/en\/","title":{"rendered":"Inicio"},"content":{"rendered":"\t\t<div data-elementor-type=\"wp-page\" data-elementor-id=\"9\" class=\"elementor elementor-9\" data-elementor-post-type=\"page\">\n\t\t\t\t<div class=\"elementor-element elementor-element-9a6a845 e-con-full e-flex e-con e-parent\" data-id=\"9a6a845\" data-element_type=\"container\" data-e-type=\"container\">\n\t\t<div class=\"elementor-element elementor-element-4e05cd5 e-con-full e-flex e-con e-child\" data-id=\"4e05cd5\" data-element_type=\"container\" data-e-type=\"container\" data-settings=\"{&quot;background_background&quot;:&quot;classic&quot;}\">\n\t\t\t\t<div class=\"elementor-element elementor-element-f0c92b3 animated-slow elementor-widget__width-initial elementor-invisible elementor-widget elementor-widget-heading\" data-id=\"f0c92b3\" data-element_type=\"widget\" data-e-type=\"widget\" data-settings=\"{&quot;_animation&quot;:&quot;fadeIn&quot;}\" data-widget_type=\"heading.default\">\n\t\t\t\t\t<h1 class=\"elementor-heading-title elementor-size-default\">Mobiliario a Medida<br>\nTu Estilo, Nuestra Habilidad.<\/h1>\t\t\t\t<\/div>\n\t\t\t\t<div class=\"elementor-element elementor-element-7fd88bc elementor-invisible elementor-widget elementor-widget-text-editor\" data-id=\"7fd88bc\" data-element_type=\"widget\" data-e-type=\"widget\" data-settings=\"{&quot;_animation&quot;:&quot;fadeInUp&quot;,&quot;_animation_delay&quot;:720}\" data-widget_type=\"text-editor.default\">\n\t\t\t\t\t\t\t\t\t<p>Creamos piezas \u00fanicas de ebanister\u00eda para tu hogar o negocio. Dise\u00f1os funcionales y acabados de calidad que se adaptan perfectamente a tus espacios.<\/p>\t\t\t\t\t\t\t\t<\/div>\n\t\t\t\t<div class=\"elementor-element elementor-element-abd4cb3 elementor-widget-elementskit-dual-button-end elementor-widget-elementskit-dual-button-mobile-center elementor-widget elementor-widget-elementskit-dual-button\" data-id=\"abd4cb3\" data-element_type=\"widget\" data-e-type=\"widget\" data-widget_type=\"elementskit-dual-button.default\">\n\t\t\t\t\t<div class=\"ekit-wid-con\" >\n                <div class=\"ekit-element-align-wrapper\">\n                    <div class=\"ekit_double_button\">                <a class=\"ekit-double-btn ekit-double-btn-one\" href=\"https:\/\/minervans.es\/carpinteria\">\n                    Descubre nuestra Carpinter\u00eda                <\/a>\n            \n            <a class=\"ekit-double-btn ekit-double-btn-two\" href=\"https:\/\/minervans.es\/#proyectos\">\n                    Proyectos<i aria-hidden=\"true\" class=\"icon icon-play1\"><\/i>                <\/a>\n                  <\/div>\n                <\/div>\n            <\/div>\t\t\t\t<\/div>\n\t\t\t\t<\/div>\n\t\t<div class=\"elementor-element elementor-element-127fc87 e-con-full e-flex e-con e-child\" data-id=\"127fc87\" data-element_type=\"container\" data-e-type=\"container\" data-settings=\"{&quot;background_background&quot;:&quot;classic&quot;}\">\n\t\t\t\t<div class=\"elementor-element elementor-element-28be780 animated-slow elementor-widget__width-initial elementor-invisible elementor-widget elementor-widget-heading\" data-id=\"28be780\" data-element_type=\"widget\" data-e-type=\"widget\" data-settings=\"{&quot;_animation&quot;:&quot;fadeIn&quot;}\" data-widget_type=\"heading.default\">\n\t\t\t\t\t<h2 class=\"elementor-heading-title elementor-size-default\">Camperizaci\u00f3n<br>\nDise\u00f1a tu Aventura.<\/h2>\t\t\t\t<\/div>\n\t\t\t\t<div class=\"elementor-element elementor-element-89abc36 elementor-invisible elementor-widget elementor-widget-text-editor\" data-id=\"89abc36\" data-element_type=\"widget\" data-e-type=\"widget\" data-settings=\"{&quot;_animation&quot;:&quot;fadeInUp&quot;,&quot;_animation_delay&quot;:720}\" data-widget_type=\"text-editor.default\">\n\t\t\t\t\t\t\t\t\t<p>Transforma tu furgoneta en la casa sobre ruedas de tus sue\u00f1os. Te acompa\u00f1amos en cada paso, desde el dise\u00f1o hasta la instalaci\u00f3n.<\/p>\t\t\t\t\t\t\t\t<\/div>\n\t\t\t\t<div class=\"elementor-element elementor-element-8471064 elementor-widget-elementskit-dual-button-start elementor-widget-elementskit-dual-button-mobile-center elementor-widget elementor-widget-elementskit-dual-button\" data-id=\"8471064\" data-element_type=\"widget\" data-e-type=\"widget\" data-widget_type=\"elementskit-dual-button.default\">\n\t\t\t\t\t<div class=\"ekit-wid-con\" >\n                <div class=\"ekit-element-align-wrapper\">\n                    <div class=\"ekit_double_button\">                <a class=\"ekit-double-btn ekit-double-btn-one\" href=\"https:\/\/minervans.es\/camperizacion\">\n                    Conoce la Camperizaci\u00f3n                <\/a>\n            \n            <a class=\"ekit-double-btn ekit-double-btn-two\" href=\"https:\/\/minervans.es\/#proyectos\">\n                    Proyectos<i aria-hidden=\"true\" class=\"icon icon-play1\"><\/i>                <\/a>\n                  <\/div>\n                <\/div>\n            <\/div>\t\t\t\t<\/div>\n\t\t\t\t<\/div>\n\t\t\t\t<\/div>\n\t\t\t\t<section class=\"elementor-section elementor-top-section elementor-element elementor-element-3d3cb0dc elementor-section-boxed elementor-section-height-default elementor-section-height-default\" data-id=\"3d3cb0dc\" data-element_type=\"section\" data-e-type=\"section\" data-settings=\"{&quot;background_background&quot;:&quot;classic&quot;}\">\n\t\t\t\t\t\t<div class=\"elementor-container elementor-column-gap-default\">\n\t\t\t\t\t<div class=\"elementor-column elementor-col-100 elementor-top-column elementor-element elementor-element-d9be7f2\" data-id=\"d9be7f2\" data-element_type=\"column\" data-e-type=\"column\">\n\t\t\t<div class=\"elementor-widget-wrap elementor-element-populated\">\n\t\t\t\t\t\t<div class=\"elementor-element elementor-element-2b0bc29c elementor-widget elementor-widget-image-carousel\" data-id=\"2b0bc29c\" data-element_type=\"widget\" data-e-type=\"widget\" data-settings=\"{&quot;slides_to_show&quot;:&quot;4&quot;,&quot;slides_to_show_tablet&quot;:&quot;3&quot;,&quot;slides_to_show_mobile&quot;:&quot;2&quot;,&quot;navigation&quot;:&quot;none&quot;,&quot;image_spacing_custom&quot;:{&quot;unit&quot;:&quot;px&quot;,&quot;size&quot;:50,&quot;sizes&quot;:[]},&quot;autoplay&quot;:&quot;yes&quot;,&quot;pause_on_hover&quot;:&quot;yes&quot;,&quot;pause_on_interaction&quot;:&quot;yes&quot;,&quot;autoplay_speed&quot;:5000,&quot;infinite&quot;:&quot;yes&quot;,&quot;speed&quot;:500,&quot;image_spacing_custom_tablet&quot;:{&quot;unit&quot;:&quot;px&quot;,&quot;size&quot;:&quot;&quot;,&quot;sizes&quot;:[]},&quot;image_spacing_custom_mobile&quot;:{&quot;unit&quot;:&quot;px&quot;,&quot;size&quot;:&quot;&quot;,&quot;sizes&quot;:[]}}\" data-widget_type=\"image-carousel.default\">\n\t\t\t\t\t\t\t<div class=\"elementor-image-carousel-wrapper swiper\" role=\"region\" aria-roledescription=\"carousel\" aria-label=\"Carrusel de im\u00e1genes\" dir=\"ltr\">\n\t\t\t<div class=\"elementor-image-carousel swiper-wrapper\" aria-live=\"off\">\n\t\t\t\t\t\t\t\t<div class=\"swiper-slide\" role=\"group\" aria-roledescription=\"slide\" aria-label=\"1 of 5\"><figure class=\"swiper-slide-inner\"><img decoding=\"async\" class=\"swiper-slide-image\" src=\"https:\/\/minervans.es\/wp-content\/uploads\/2025\/08\/victronanergylogo-1.png\" alt=\"victronanergylogo\" \/><\/figure><\/div><div class=\"swiper-slide\" role=\"group\" aria-roledescription=\"slide\" aria-label=\"2 of 5\"><figure class=\"swiper-slide-inner\"><img decoding=\"async\" class=\"swiper-slide-image\" src=\"https:\/\/minervans.es\/wp-content\/uploads\/2025\/08\/logoLulukaCom.png\" alt=\"logoLulukaCom\" \/><\/figure><\/div><div class=\"swiper-slide\" role=\"group\" aria-roledescription=\"slide\" aria-label=\"3 of 5\"><figure class=\"swiper-slide-inner\"><img decoding=\"async\" class=\"swiper-slide-image\" src=\"https:\/\/minervans.es\/wp-content\/uploads\/2025\/08\/logo_header_web_sulayr-1.png\" alt=\"logo_header_web_sulayr\" \/><\/figure><\/div><div class=\"swiper-slide\" role=\"group\" aria-roledescription=\"slide\" aria-label=\"4 of 5\"><figure class=\"swiper-slide-inner\"><img decoding=\"async\" class=\"swiper-slide-image\" src=\"https:\/\/minervans.es\/wp-content\/uploads\/2025\/08\/teofilomedina.png\" alt=\"teofilomedina\" \/><\/figure><\/div><div class=\"swiper-slide\" role=\"group\" aria-roledescription=\"slide\" aria-label=\"5 of 5\"><figure class=\"swiper-slide-inner\"><img decoding=\"async\" class=\"swiper-slide-image\" src=\"https:\/\/minervans.es\/wp-content\/uploads\/2025\/08\/depcamperlogo.png\" alt=\"depcamperlogo\" \/><\/figure><\/div>\t\t\t<\/div>\n\t\t\t\t\t\t\t\n\t\t\t\t\t\t\t\t\t<\/div>\n\t\t\t\t\t\t<\/div>\n\t\t\t\t\t<\/div>\n\t\t<\/div>\n\t\t\t\t\t<\/div>\n\t\t<\/section>\n\t\t\t\t<section class=\"elementor-section elementor-top-section elementor-element elementor-element-79017f55 elementor-section-boxed elementor-section-height-default elementor-section-height-default\" data-id=\"79017f55\" data-element_type=\"section\" data-e-type=\"section\">\n\t\t\t\t\t\t<div class=\"elementor-container elementor-column-gap-default\">\n\t\t\t\t\t<div class=\"elementor-column elementor-col-100 elementor-top-column elementor-element elementor-element-4d152516\" data-id=\"4d152516\" data-element_type=\"column\" data-e-type=\"column\">\n\t\t\t<div class=\"elementor-widget-wrap elementor-element-populated\">\n\t\t\t\t\t\t<div class=\"elementor-element elementor-element-74515638 elementor-widget elementor-widget-heading\" data-id=\"74515638\" data-element_type=\"widget\" data-e-type=\"widget\" data-widget_type=\"heading.default\">\n\t\t\t\t\t<h2 class=\"elementor-heading-title elementor-size-default\">Artesan\u00eda, Calidad y Precisi\u00f3n<\/h2>\t\t\t\t<\/div>\n\t\t\t\t<div class=\"elementor-element elementor-element-75b8cac3 elementor-widget elementor-widget-heading\" data-id=\"75b8cac3\" data-element_type=\"widget\" data-e-type=\"widget\" data-widget_type=\"heading.default\">\n\t\t\t\t\t<h2 class=\"elementor-heading-title elementor-size-default\">Quienes somos<\/h2>\t\t\t\t<\/div>\n\t\t\t\t<div class=\"elementor-element elementor-element-67ffa802 elementor-widget__width-initial elementor-widget-tablet__width-initial elementor-widget-mobile__width-initial elementor-widget elementor-widget-text-editor\" data-id=\"67ffa802\" data-element_type=\"widget\" data-e-type=\"widget\" data-widget_type=\"text-editor.default\">\n\t\t\t\t\t\t\t\t\t<p>En Miner Vans, somos m\u00e1s que una empresa: somos artesanos dedicados a la calidad en cada detalle. Nos especializamos en crear soluciones a medida, fusionando la tradici\u00f3n de la ebanister\u00eda con las \u00faltimas innovaciones en el dise\u00f1o de veh\u00edculos camper. Nuestro compromiso es ofrecer un servicio excepcional, adaptado a tus necesidades y superando tus expectativas. Creemos en la funcionalidad, la est\u00e9tica y la durabilidad, y eso se refleja en cada uno de nuestros proyectos.<\/p>\t\t\t\t\t\t\t\t<\/div>\n\t\t\t\t<section class=\"elementor-section elementor-inner-section elementor-element elementor-element-47ca9377 elementor-section-boxed elementor-section-height-default elementor-section-height-default\" data-id=\"47ca9377\" data-element_type=\"section\" data-e-type=\"section\">\n\t\t\t\t\t\t<div class=\"elementor-container elementor-column-gap-default\">\n\t\t\t\t\t<div class=\"elementor-column elementor-col-50 elementor-inner-column elementor-element elementor-element-4913a142 elementor-invisible\" data-id=\"4913a142\" data-element_type=\"column\" data-e-type=\"column\" data-settings=\"{&quot;animation&quot;:&quot;fadeInLeft&quot;}\">\n\t\t\t<div class=\"elementor-widget-wrap elementor-element-populated\">\n\t\t\t\t\t\t<div class=\"elementor-element elementor-element-5896a34a elementor-cta--skin-cover elementor-animated-content elementor-bg-transform elementor-bg-transform-zoom-in elementor-widget elementor-widget-call-to-action\" data-id=\"5896a34a\" data-element_type=\"widget\" data-e-type=\"widget\" data-widget_type=\"call-to-action.default\">\n\t\t\t\t\t\t\t<div class=\"elementor-cta\">\n\t\t\t\t\t<div class=\"elementor-cta__bg-wrapper\">\n\t\t\t\t<div class=\"elementor-cta__bg elementor-bg\" style=\"background-image: url(https:\/\/minervans.es\/wp-content\/uploads\/2025\/08\/minervans3.jpg);\" role=\"img\" aria-label=\"minervans3\"><\/div>\n\t\t\t\t<div class=\"elementor-cta__bg-overlay\"><\/div>\n\t\t\t<\/div>\n\t\t\t\t\t\t\t<div class=\"elementor-cta__content\">\n\t\t\t\t\n\t\t\t\t\t\t\t\t\t<h3 class=\"elementor-cta__title elementor-cta__content-item elementor-content-item elementor-animated-item--enter-from-left\">\n\t\t\t\t\t\tVisi\u00f3n\t\t\t\t\t<\/h3>\n\t\t\t\t\n\t\t\t\t\t\t\t\t\t<div class=\"elementor-cta__description elementor-cta__content-item elementor-content-item elementor-animated-item--enter-from-left\">\n\t\t\t\t\t\tNuestra visi\u00f3n es ser reconocidos como el referente de excelencia y calidad en los sectores de la carpinter\u00eda a medida y la camperizaci\u00f3n. Aspiramos a ser la elecci\u00f3n natural para aquellos que buscan un trabajo impecable y un servicio personalizado. \t\t\t\t\t<\/div>\n\t\t\t\t\n\t\t\t\t\t\t\t<\/div>\n\t\t\t\t\t\t<\/div>\n\t\t\t\t\t\t<\/div>\n\t\t\t\t\t<\/div>\n\t\t<\/div>\n\t\t\t\t<div class=\"elementor-column elementor-col-50 elementor-inner-column elementor-element elementor-element-b477aa8 elementor-invisible\" data-id=\"b477aa8\" data-element_type=\"column\" data-e-type=\"column\" data-settings=\"{&quot;animation&quot;:&quot;fadeInRight&quot;}\">\n\t\t\t<div class=\"elementor-widget-wrap elementor-element-populated\">\n\t\t\t\t\t\t<div class=\"elementor-element elementor-element-57c2f141 elementor-cta--skin-cover elementor-animated-content elementor-bg-transform elementor-bg-transform-zoom-in elementor-widget elementor-widget-call-to-action\" data-id=\"57c2f141\" data-element_type=\"widget\" data-e-type=\"widget\" data-widget_type=\"call-to-action.default\">\n\t\t\t\t\t\t\t<div class=\"elementor-cta\">\n\t\t\t\t\t<div class=\"elementor-cta__bg-wrapper\">\n\t\t\t\t<div class=\"elementor-cta__bg elementor-bg\" style=\"background-image: url(https:\/\/minervans.es\/wp-content\/uploads\/2025\/08\/the-carpenter-works-with-a-tree-1.jpg);\" role=\"img\" aria-label=\"the-carpenter-works-with-a-tree-1.jpg\"><\/div>\n\t\t\t\t<div class=\"elementor-cta__bg-overlay\"><\/div>\n\t\t\t<\/div>\n\t\t\t\t\t\t\t<div class=\"elementor-cta__content\">\n\t\t\t\t\n\t\t\t\t\t\t\t\t\t<h3 class=\"elementor-cta__title elementor-cta__content-item elementor-content-item elementor-animated-item--enter-from-left\">\n\t\t\t\t\t\tMisi\u00f3n\t\t\t\t\t<\/h3>\n\t\t\t\t\n\t\t\t\t\t\t\t\t\t<div class=\"elementor-cta__description elementor-cta__content-item elementor-content-item elementor-animated-item--enter-from-left\">\n\t\t\t\t\t\tNuestra misi\u00f3n en Miner Vans es transformar las ideas de nuestros clientes en realidades tangibles y de la m\u00e1s alta calidad. A trav\u00e9s de la maestr\u00eda en la ebanister\u00eda y la precisi\u00f3n en la camperizaci\u00f3n, nos dedicamos a ofrecer soluciones totalmente a medida, desde el mobiliario m\u00e1s exclusivo hasta los dise\u00f1os de veh\u00edculos camper m\u00e1s funcionales.\t\t\t\t\t<\/div>\n\t\t\t\t\n\t\t\t\t\t\t\t<\/div>\n\t\t\t\t\t\t<\/div>\n\t\t\t\t\t\t<\/div>\n\t\t\t\t\t<\/div>\n\t\t<\/div>\n\t\t\t\t\t<\/div>\n\t\t<\/section>\n\t\t\t\t<section class=\"elementor-section elementor-inner-section elementor-element elementor-element-6b758c0 elementor-section-boxed elementor-section-height-default elementor-section-height-default\" data-id=\"6b758c0\" data-element_type=\"section\" data-e-type=\"section\">\n\t\t\t\t\t\t<div class=\"elementor-container elementor-column-gap-default\">\n\t\t\t\t\t<div class=\"elementor-column elementor-col-100 elementor-inner-column elementor-element elementor-element-3a4f7d74 elementor-invisible\" data-id=\"3a4f7d74\" data-element_type=\"column\" data-e-type=\"column\" data-settings=\"{&quot;background_background&quot;:&quot;classic&quot;,&quot;animation&quot;:&quot;slideInUp&quot;,&quot;animation_delay&quot;:360}\">\n\t\t\t<div class=\"elementor-widget-wrap elementor-element-populated\">\n\t\t\t\t\t\t<div class=\"elementor-element elementor-element-4c061366 elementor-widget-mobile__width-initial elementor-invisible elementor-widget elementor-widget-elementskit-heading\" data-id=\"4c061366\" data-element_type=\"widget\" data-e-type=\"widget\" data-settings=\"{&quot;_animation&quot;:&quot;fadeInDown&quot;}\" data-widget_type=\"elementskit-heading.default\">\n\t\t\t\t\t<div class=\"ekit-wid-con\" ><div class=\"ekit-heading elementskit-section-title-wraper text_center   ekit_heading_tablet-   ekit_heading_mobile-\"><h3 class=\"ekit-heading--title elementskit-section-title \">Nuestro enfoque<\/h3><div class=\"ekit_heading_separetor_wraper ekit_heading_elementskit-border-divider elementskit-style-long\"><div class=\"elementskit-border-divider elementskit-style-long\"><\/div><\/div><\/div><\/div>\t\t\t\t<\/div>\n\t\t\t\t<div class=\"elementor-element elementor-element-15694d5a elementor-widget elementor-widget-text-editor\" data-id=\"15694d5a\" data-element_type=\"widget\" data-e-type=\"widget\" data-widget_type=\"text-editor.default\">\n\t\t\t\t\t\t\t\t\t<p>En el coraz\u00f3n de Miner Vans reside la pasi\u00f3n por crear. Nuestra filosof\u00eda es simple: creemos que el trabajo a medida es el camino hacia la perfecci\u00f3n. Somos artesanos en dos mundos que, aunque distintos, comparten la misma alma: la carpinter\u00eda de precisi\u00f3n y la camperizaci\u00f3n. Transformamos la madera en piezas de mobiliario \u00fanicas para tus espacios, y las furgonetas en veh\u00edculos de aventura equipados con todo lo que necesitas. Nuestro enfoque es una promesa: la de que cada proyecto, grande o peque\u00f1o, recibir\u00e1 nuestra total dedicaci\u00f3n, atenci\u00f3n al detalle y la m\u00e1s alta calidad, haciendo de tu visi\u00f3n una realidad tangible y duradera.<\/p>\t\t\t\t\t\t\t\t<\/div>\n\t\t\t\t\t<\/div>\n\t\t<\/div>\n\t\t\t\t\t<\/div>\n\t\t<\/section>\n\t\t\t\t\t<\/div>\n\t\t<\/div>\n\t\t\t\t\t<\/div>\n\t\t<\/section>\n\t\t\t\t<section class=\"elementor-section elementor-top-section elementor-element elementor-element-a6e39f5 elementor-section-boxed elementor-section-height-default elementor-section-height-default\" data-id=\"a6e39f5\" data-element_type=\"section\" data-e-type=\"section\">\n\t\t\t\t\t\t<div class=\"elementor-container elementor-column-gap-default\">\n\t\t\t\t\t<div class=\"elementor-column elementor-col-100 elementor-top-column elementor-element elementor-element-2f995d7\" data-id=\"2f995d7\" data-element_type=\"column\" data-e-type=\"column\">\n\t\t\t<div class=\"elementor-widget-wrap elementor-element-populated\">\n\t\t\t\t\t\t<div class=\"elementor-element elementor-element-c185893 elementor-widget elementor-widget-heading\" data-id=\"c185893\" data-element_type=\"widget\" data-e-type=\"widget\" data-widget_type=\"heading.default\">\n\t\t\t\t\t<h2 class=\"elementor-heading-title elementor-size-default\">Colaboraciones<\/h2>\t\t\t\t<\/div>\n\t\t\t\t<div class=\"elementor-element elementor-element-541e77c elementor-widget__width-initial elementor-widget-tablet__width-initial elementor-widget-mobile__width-initial elementor-widget elementor-widget-text-editor\" data-id=\"541e77c\" data-element_type=\"widget\" data-e-type=\"widget\" data-widget_type=\"text-editor.default\">\n\t\t\t\t\t\t\t\t\t<p>La confianza de los expertos en el dise\u00f1o y la arquitectura es nuestro mejor aval. Nos enorgullece trabajar de la mano con prestigiosos estudios de arquitectura para llevar sus visiones a la realidad, demostrando en cada colaboraci\u00f3n nuestro compromiso con la excelencia.<\/p>\t\t\t\t\t\t\t\t<\/div>\n\t\t\t\t\t<\/div>\n\t\t<\/div>\n\t\t\t\t\t<\/div>\n\t\t<\/section>\n\t\t<div class=\"elementor-element elementor-element-2dd1d0c e-flex e-con-boxed e-con e-parent\" data-id=\"2dd1d0c\" data-element_type=\"container\" data-e-type=\"container\">\n\t\t\t\t\t<div class=\"e-con-inner\">\n\t\t<div class=\"elementor-element elementor-element-7479d6a e-con-full e-flex e-con e-child\" data-id=\"7479d6a\" data-element_type=\"container\" data-e-type=\"container\">\n\t\t\t\t<div class=\"elementor-element elementor-element-e698a47 elementor-widget elementor-widget-image\" data-id=\"e698a47\" data-element_type=\"widget\" data-e-type=\"widget\" data-widget_type=\"image.default\">\n\t\t\t\t\t\t\t\t\t\t\t\t<figure class=\"wp-caption\">\n\t\t\t\t\t\t\t\t\t\t\t<a href=\"https:\/\/waad.es\/\">\n\t\t\t\t\t\t\t<img fetchpriority=\"high\" decoding=\"async\" width=\"1024\" height=\"1024\" src=\"https:\/\/minervans.es\/wp-content\/uploads\/2025\/08\/Waad-interiorismo-Granada-1024x1024.png\" class=\"attachment-large size-large wp-image-842\" alt=\"\" srcset=\"https:\/\/minervans.es\/wp-content\/uploads\/2025\/08\/Waad-interiorismo-Granada-1024x1024.png 1024w, https:\/\/minervans.es\/wp-content\/uploads\/2025\/08\/Waad-interiorismo-Granada-300x300.png 300w, https:\/\/minervans.es\/wp-content\/uploads\/2025\/08\/Waad-interiorismo-Granada-150x150.png 150w, https:\/\/minervans.es\/wp-content\/uploads\/2025\/08\/Waad-interiorismo-Granada-768x768.png 768w, https:\/\/minervans.es\/wp-content\/uploads\/2025\/08\/Waad-interiorismo-Granada-1536x1536.png 1536w, https:\/\/minervans.es\/wp-content\/uploads\/2025\/08\/Waad-interiorismo-Granada-2048x2048.png 2048w, https:\/\/minervans.es\/wp-content\/uploads\/2025\/08\/Waad-interiorismo-Granada-12x12.png 12w\" sizes=\"(max-width: 1024px) 100vw, 1024px\" \/>\t\t\t\t\t\t\t\t<\/a>\n\t\t\t\t\t\t\t\t\t\t\t<figcaption class=\"widget-image-caption wp-caption-text\">Estudio WAAD<\/figcaption>\n\t\t\t\t\t\t\t\t\t\t<\/figure>\n\t\t\t\t\t\t\t\t\t<\/div>\n\t\t\t\t<\/div>\n\t\t<div class=\"elementor-element elementor-element-d9a6d54 e-con-full e-flex e-con e-child\" data-id=\"d9a6d54\" data-element_type=\"container\" data-e-type=\"container\">\n\t\t\t\t<div class=\"elementor-element elementor-element-b102fc9 elementor-widget elementor-widget-image\" data-id=\"b102fc9\" data-element_type=\"widget\" data-e-type=\"widget\" data-widget_type=\"image.default\">\n\t\t\t\t\t\t\t\t\t\t\t\t<figure class=\"wp-caption\">\n\t\t\t\t\t\t\t\t\t\t\t<a href=\"https:\/\/www.aosarquitectura.es\/\">\n\t\t\t\t\t\t\t<img decoding=\"async\" width=\"738\" height=\"411\" src=\"https:\/\/minervans.es\/wp-content\/uploads\/2025\/08\/logo.png\" class=\"attachment-large size-large wp-image-843\" alt=\"\" srcset=\"https:\/\/minervans.es\/wp-content\/uploads\/2025\/08\/logo.png 738w, https:\/\/minervans.es\/wp-content\/uploads\/2025\/08\/logo-300x167.png 300w, https:\/\/minervans.es\/wp-content\/uploads\/2025\/08\/logo-18x10.png 18w\" sizes=\"(max-width: 738px) 100vw, 738px\" \/>\t\t\t\t\t\t\t\t<\/a>\n\t\t\t\t\t\t\t\t\t\t\t<figcaption class=\"widget-image-caption wp-caption-text\">AOS Arquitectura Internacional (Francia)<\/figcaption>\n\t\t\t\t\t\t\t\t\t\t<\/figure>\n\t\t\t\t\t\t\t\t\t<\/div>\n\t\t\t\t<\/div>\n\t\t\t\t\t<\/div>\n\t\t\t\t<\/div>\n\t\t\t\t<section class=\"elementor-section elementor-top-section elementor-element elementor-element-39ea192d elementor-section-boxed elementor-section-height-default elementor-section-height-default\" data-id=\"39ea192d\" data-element_type=\"section\" data-e-type=\"section\" data-settings=\"{&quot;background_background&quot;:&quot;classic&quot;}\">\n\t\t\t\t\t\t\t<div class=\"elementor-background-overlay\"><\/div>\n\t\t\t\t\t\t\t<div class=\"elementor-container elementor-column-gap-default\">\n\t\t\t\t\t<div class=\"elementor-column elementor-col-25 elementor-top-column elementor-element elementor-element-4bce65bb\" data-id=\"4bce65bb\" data-element_type=\"column\" data-e-type=\"column\">\n\t\t\t<div class=\"elementor-widget-wrap elementor-element-populated\">\n\t\t\t\t\t\t<div class=\"elementor-element elementor-element-5b4fd2de elementor-widget elementor-widget-premium-counter\" data-id=\"5b4fd2de\" data-element_type=\"widget\" data-e-type=\"widget\" data-widget_type=\"premium-counter.default\">\n\t\t\t\t\t\n\t\t<div class=\"premium-counter premium-counter-area \" data-duration=\"3000\" data-from-value=\"0\" data-to-value=\"320\" data-delimiter=\",\" data-rounding=\"0\">\n\t\t\t\n\t\t<div class=\"premium-init-wrapper column\">\n\n\t\t\t<div class=\"premium-counter-value-wrap\">\n\t\t\t\t\t\t\t\t\t<span id=\"prefix\" class=\"counter-su-pre\">+<\/span>\n\t\t\t\t\n\t\t\t\t<span class=\"premium-counter-init\" id=\"counter-5b4fd2de\">0<\/span>\n\n\t\t\t\t\t\t\t<\/div>\n\n\t\t\t\t\t\t\t<div class=\"premium-counter-title\">\n\t\t\t\t\t<p class=\"premium-counter-title-val\">\n\t\t\t\t\t\tTrabajos Realizados\t\t\t\t\t<\/p>\n\t\t\t\t\t\t\t\t\t\t\t<p class=\"premium-counter-desc\"> Son m\u00e1s de 320 trabajos realizados por toda espa\u00f1a.<\/p>\n\t\t\t\t\t\t\t\t\t<\/div>\n\t\t\t\t\t<\/div>\n\n\t\t\t\t<\/div>\n\n\t\t\t\t\t\t<\/div>\n\t\t\t\t\t<\/div>\n\t\t<\/div>\n\t\t\t\t<div class=\"elementor-column elementor-col-25 elementor-top-column elementor-element elementor-element-a1f5bd0\" data-id=\"a1f5bd0\" data-element_type=\"column\" data-e-type=\"column\">\n\t\t\t<div class=\"elementor-widget-wrap elementor-element-populated\">\n\t\t\t\t\t\t<div class=\"elementor-element elementor-element-5dfafb64 elementor-widget elementor-widget-premium-counter\" data-id=\"5dfafb64\" data-element_type=\"widget\" data-e-type=\"widget\" data-widget_type=\"premium-counter.default\">\n\t\t\t\t\t\n\t\t<div class=\"premium-counter premium-counter-area \" data-duration=\"3000\" data-from-value=\"0\" data-to-value=\"200\" data-delimiter=\",\" data-rounding=\"0\">\n\t\t\t\n\t\t<div class=\"premium-init-wrapper column\">\n\n\t\t\t<div class=\"premium-counter-value-wrap\">\n\t\t\t\t\t\t\t\t\t<span id=\"prefix\" class=\"counter-su-pre\">+<\/span>\n\t\t\t\t\n\t\t\t\t<span class=\"premium-counter-init\" id=\"counter-5dfafb64\">0<\/span>\n\n\t\t\t\t\t\t\t<\/div>\n\n\t\t\t\t\t\t\t<div class=\"premium-counter-title\">\n\t\t\t\t\t<p class=\"premium-counter-title-val\">\n\t\t\t\t\t\tClientes\t\t\t\t\t<\/p>\n\t\t\t\t\t\t\t\t\t\t\t<p class=\"premium-counter-desc\"> Y en ascenso, clientes satisfechos con nuestra labor.<\/p>\n\t\t\t\t\t\t\t\t\t<\/div>\n\t\t\t\t\t<\/div>\n\n\t\t\t\t<\/div>\n\n\t\t\t\t\t\t<\/div>\n\t\t\t\t\t<\/div>\n\t\t<\/div>\n\t\t\t\t<div class=\"elementor-column elementor-col-25 elementor-top-column elementor-element elementor-element-7a1644a\" data-id=\"7a1644a\" data-element_type=\"column\" data-e-type=\"column\">\n\t\t\t<div class=\"elementor-widget-wrap elementor-element-populated\">\n\t\t\t\t\t\t<div class=\"elementor-element elementor-element-7787baad elementor-widget elementor-widget-premium-counter\" data-id=\"7787baad\" data-element_type=\"widget\" data-e-type=\"widget\" data-widget_type=\"premium-counter.default\">\n\t\t\t\t\t\n\t\t<div class=\"premium-counter premium-counter-area \" data-duration=\"3000\" data-from-value=\"0\" data-to-value=\"10\" data-delimiter=\",\" data-rounding=\"0\">\n\t\t\t\n\t\t<div class=\"premium-init-wrapper column\">\n\n\t\t\t<div class=\"premium-counter-value-wrap\">\n\t\t\t\t\t\t\t\t\t<span id=\"prefix\" class=\"counter-su-pre\">+<\/span>\n\t\t\t\t\n\t\t\t\t<span class=\"premium-counter-init\" id=\"counter-7787baad\">0<\/span>\n\n\t\t\t\t\t\t\t<\/div>\n\n\t\t\t\t\t\t\t<div class=\"premium-counter-title\">\n\t\t\t\t\t<p class=\"premium-counter-title-val\">\n\t\t\t\t\t\tProfesionales\t\t\t\t\t<\/p>\n\t\t\t\t\t\t\t\t\t\t\t<p class=\"premium-counter-desc\"> Contamos con profesionales de distintas nacionalidades.<\/p>\n\t\t\t\t\t\t\t\t\t<\/div>\n\t\t\t\t\t<\/div>\n\n\t\t\t\t<\/div>\n\n\t\t\t\t\t\t<\/div>\n\t\t\t\t\t<\/div>\n\t\t<\/div>\n\t\t\t\t<div class=\"elementor-column elementor-col-25 elementor-top-column elementor-element elementor-element-5987a3df\" data-id=\"5987a3df\" data-element_type=\"column\" data-e-type=\"column\">\n\t\t\t<div class=\"elementor-widget-wrap elementor-element-populated\">\n\t\t\t\t\t\t<div class=\"elementor-element elementor-element-2a15d4db elementor-widget elementor-widget-premium-counter\" data-id=\"2a15d4db\" data-element_type=\"widget\" data-e-type=\"widget\" data-widget_type=\"premium-counter.default\">\n\t\t\t\t\t\n\t\t<div class=\"premium-counter premium-counter-area \" data-duration=\"3000\" data-from-value=\"0\" data-to-value=\"97\" data-delimiter=\",\" data-rounding=\"0\">\n\t\t\t\n\t\t<div class=\"premium-init-wrapper column\">\n\n\t\t\t<div class=\"premium-counter-value-wrap\">\n\t\t\t\t\n\t\t\t\t<span class=\"premium-counter-init\" id=\"counter-2a15d4db\">0<\/span>\n\n\t\t\t\t\t\t\t\t\t<span id=\"suffix\" class=\"counter-su-pre\">%<\/span>\n\t\t\t\t\t\t\t<\/div>\n\n\t\t\t\t\t\t\t<div class=\"premium-counter-title\">\n\t\t\t\t\t<p class=\"premium-counter-title-val\">\n\t\t\t\t\t\tRECONTACTO\t\t\t\t\t<\/p>\n\t\t\t\t\t\t\t\t\t\t\t<p class=\"premium-counter-desc\"> Nuestros clientes nos vuelven a contactar para realizar nuevos trabajos.<\/p>\n\t\t\t\t\t\t\t\t\t<\/div>\n\t\t\t\t\t<\/div>\n\n\t\t\t\t<\/div>\n\n\t\t\t\t\t\t<\/div>\n\t\t\t\t\t<\/div>\n\t\t<\/div>\n\t\t\t\t\t<\/div>\n\t\t<\/section>\n\t\t\t\t<section class=\"elementor-section elementor-top-section elementor-element elementor-element-4a102137 elementor-section-boxed elementor-section-height-default elementor-section-height-default\" data-id=\"4a102137\" data-element_type=\"section\" data-e-type=\"section\">\n\t\t\t\t\t\t<div class=\"elementor-container elementor-column-gap-default\">\n\t\t\t\t\t<div class=\"elementor-column elementor-col-100 elementor-top-column elementor-element elementor-element-10cebaac\" data-id=\"10cebaac\" data-element_type=\"column\" data-e-type=\"column\">\n\t\t\t<div class=\"elementor-widget-wrap elementor-element-populated\">\n\t\t\t\t\t\t<div class=\"elementor-element elementor-element-7a962fe elementor-widget elementor-widget-heading\" data-id=\"7a962fe\" data-element_type=\"widget\" data-e-type=\"widget\" data-widget_type=\"heading.default\">\n\t\t\t\t\t<h2 class=\"elementor-heading-title elementor-size-default\">Servicios a tu Medida<\/h2>\t\t\t\t<\/div>\n\t\t\t\t<div class=\"elementor-element elementor-element-f7f5ef1 elementor-widget elementor-widget-elementskit-heading\" data-id=\"f7f5ef1\" data-element_type=\"widget\" data-e-type=\"widget\" data-widget_type=\"elementskit-heading.default\">\n\t\t\t\t\t<div class=\"ekit-wid-con\" ><div class=\"ekit-heading elementskit-section-title-wraper text_center   ekit_heading_tablet-   ekit_heading_mobile-\"><h2 class=\"ekit-heading--title elementskit-section-title \">Nuestros Servicios<\/h2><div class=\"ekit_heading_separetor_wraper ekit_heading_elementskit-border-divider elementskit-style-long\"><div class=\"elementskit-border-divider elementskit-style-long\"><\/div><\/div><\/div><\/div>\t\t\t\t<\/div>\n\t\t\t\t<div class=\"elementor-element elementor-element-7ade7bea elementor-widget__width-initial elementor-widget elementor-widget-text-editor\" data-id=\"7ade7bea\" data-element_type=\"widget\" data-e-type=\"widget\" data-widget_type=\"text-editor.default\">\n\t\t\t\t\t\t\t\t\t<p>Ofrecemos dos pilares de servicio, cada uno con un enfoque \u00fanico, pero con el mismo est\u00e1ndar de calidad y trabajo artesanal.<\/p>\t\t\t\t\t\t\t\t<\/div>\n\t\t\t\t<section class=\"elementor-section elementor-inner-section elementor-element elementor-element-2b753739 elementor-section-boxed elementor-section-height-default elementor-section-height-default\" data-id=\"2b753739\" data-element_type=\"section\" data-e-type=\"section\">\n\t\t\t\t\t\t<div class=\"elementor-container elementor-column-gap-default\">\n\t\t\t\t\t<div class=\"elementor-column elementor-col-50 elementor-inner-column elementor-element elementor-element-1d0d3c7d elementor-invisible\" data-id=\"1d0d3c7d\" data-element_type=\"column\" data-e-type=\"column\" data-settings=\"{&quot;animation&quot;:&quot;rotateInUpRight&quot;}\">\n\t\t\t<div class=\"elementor-widget-wrap elementor-element-populated\">\n\t\t\t\t\t\t<div class=\"elementor-element elementor-element-1594e076 ekit-equal-height-enable elementor-widget elementor-widget-elementskit-icon-box\" data-id=\"1594e076\" data-element_type=\"widget\" data-e-type=\"widget\" data-widget_type=\"elementskit-icon-box.default\">\n\t\t\t\t\t<div class=\"ekit-wid-con\" >        <!-- link opening -->\n                <!-- end link opening -->\n\n        <div class=\"elementskit-infobox text-center text- icon-top-align elementor-animation-   \">\n                            <div class=\"elementskit-box-header\">\n                <div class=\"elementskit-info-box-icon \">\n                    <img decoding=\"async\" width=\"256\" height=\"256\" src=\"https:\/\/minervans.es\/wp-content\/uploads\/2025\/08\/Woodworking-1-1.png\" class=\"attachment- size-\" alt=\"\" srcset=\"https:\/\/minervans.es\/wp-content\/uploads\/2025\/08\/Woodworking-1-1.png 256w, https:\/\/minervans.es\/wp-content\/uploads\/2025\/08\/Woodworking-1-1-150x150.png 150w\" sizes=\"(max-width: 256px) 100vw, 256px\" \/>                <\/div>\n          <\/div>\n                <div class=\"box-body\">\n                            <h3 class=\"elementskit-info-box-title\">\n                    Carpinter\u00eda y Ebanister\u00eda                <\/h3>\n                        \t\t  \t<p>Damos vida a tus ideas con soluciones de carpinter\u00eda personalizadas. Desde mobiliario residencial y comercial hasta piezas \u00fanicas, trabajamos con precisi\u00f3n para crear espacios funcionales y est\u00e9ticamente impecables. <\/p>\n                                        <div class=\"box-footer disable_hover_button\">\n                    <div class=\"btn-wraper\">\n                                                            <a class=\"elementskit-btn whitespace--normal\" href=\"https:\/\/minervans.es\/carpinteria\">\n                                                                                Conoce m\u00e1s                                     <\/a>\n                                                        <\/div>\n                <\/div>\n                    <\/div>\n        \n        \n                <\/div>\n        <\/div>\t\t\t\t<\/div>\n\t\t\t\t\t<\/div>\n\t\t<\/div>\n\t\t\t\t<div class=\"elementor-column elementor-col-50 elementor-inner-column elementor-element elementor-element-2438a1cc elementor-invisible\" data-id=\"2438a1cc\" data-element_type=\"column\" data-e-type=\"column\" data-settings=\"{&quot;animation&quot;:&quot;fadeInUp&quot;}\">\n\t\t\t<div class=\"elementor-widget-wrap elementor-element-populated\">\n\t\t\t\t\t\t<div class=\"elementor-element elementor-element-2bec2812 ekit-equal-height-enable elementor-widget elementor-widget-elementskit-icon-box\" data-id=\"2bec2812\" data-element_type=\"widget\" data-e-type=\"widget\" data-widget_type=\"elementskit-icon-box.default\">\n\t\t\t\t\t<div class=\"ekit-wid-con\" >        <!-- link opening -->\n                <!-- end link opening -->\n\n        <div class=\"elementskit-infobox text-center text- icon-top-align elementor-animation-   \">\n                            <div class=\"elementskit-box-header\">\n                <div class=\"elementskit-info-box-icon \">\n                    <img loading=\"lazy\" decoding=\"async\" width=\"256\" height=\"256\" src=\"https:\/\/minervans.es\/wp-content\/uploads\/2025\/08\/Home-Decor-1-1.png\" class=\"attachment- size-\" alt=\"\" srcset=\"https:\/\/minervans.es\/wp-content\/uploads\/2025\/08\/Home-Decor-1-1.png 256w, https:\/\/minervans.es\/wp-content\/uploads\/2025\/08\/Home-Decor-1-1-150x150.png 150w\" sizes=\"(max-width: 256px) 100vw, 256px\" \/>                <\/div>\n          <\/div>\n                <div class=\"box-body\">\n                            <h3 class=\"elementskit-info-box-title\">\n                    Camperizaci\u00f3n                <\/h3>\n                        \t\t  \t<p>Convierte tu furgoneta en el hogar de tus sue\u00f1os sobre ruedas. Nuestro servicio de camperizaci\u00f3n integral abarca desde el dise\u00f1o a medida de cada elemento interior hasta la instalaci\u00f3n de sistemas el\u00e9ctricos y de climatizaci\u00f3n.<\/p>\n                                        <div class=\"box-footer disable_hover_button\">\n                    <div class=\"btn-wraper\">\n                                                            <a class=\"elementskit-btn whitespace--normal\" href=\"https:\/\/minervans.es\/camperizacion\">\n                                                                                CONOCE M\u00c1S                                    <\/a>\n                                                        <\/div>\n                <\/div>\n                    <\/div>\n        \n        \n                <\/div>\n        <\/div>\t\t\t\t<\/div>\n\t\t\t\t\t<\/div>\n\t\t<\/div>\n\t\t\t\t\t<\/div>\n\t\t<\/section>\n\t\t\t\t\t<\/div>\n\t\t<\/div>\n\t\t\t\t\t<\/div>\n\t\t<\/section>\n\t\t\t\t<section class=\"elementor-section elementor-top-section elementor-element elementor-element-7390297b elementor-section-boxed elementor-section-height-default elementor-section-height-default\" data-id=\"7390297b\" data-element_type=\"section\" data-e-type=\"section\" data-settings=\"{&quot;background_background&quot;:&quot;classic&quot;,&quot;background_motion_fx_motion_fx_scrolling&quot;:&quot;yes&quot;,&quot;background_motion_fx_devices&quot;:[&quot;desktop&quot;,&quot;tablet&quot;,&quot;mobile&quot;]}\">\n\t\t\t\t\t\t\t<div class=\"elementor-background-overlay\"><\/div>\n\t\t\t\t\t\t\t<div class=\"elementor-container elementor-column-gap-default\">\n\t\t\t\t\t<div class=\"elementor-column elementor-col-100 elementor-top-column elementor-element elementor-element-30f869b8\" data-id=\"30f869b8\" data-element_type=\"column\" data-e-type=\"column\">\n\t\t\t<div class=\"elementor-widget-wrap elementor-element-populated\">\n\t\t\t\t\t\t<div class=\"elementor-element elementor-element-552df87c elementor-widget elementor-widget-heading\" data-id=\"552df87c\" data-element_type=\"widget\" data-e-type=\"widget\" data-widget_type=\"heading.default\">\n\t\t\t\t\t<h2 class=\"elementor-heading-title elementor-size-default\">Nuestro proceso de trabajo<\/h2>\t\t\t\t<\/div>\n\t\t\t\t<div class=\"elementor-element elementor-element-19bf0cff elementor-widget elementor-widget-text-editor\" data-id=\"19bf0cff\" data-element_type=\"widget\" data-e-type=\"widget\" data-widget_type=\"text-editor.default\">\n\t\t\t\t\t\t\t\t\t<p>En Miner Vans, creemos que la transparencia y la comunicaci\u00f3n son clave para un resultado exitoso. Por eso, hemos simplificado nuestro proceso para que tu experiencia sea tan fluida y agradable como el resultado final.<\/p>\t\t\t\t\t\t\t\t<\/div>\n\t\t\t\t<section class=\"elementor-section elementor-inner-section elementor-element elementor-element-b60491 elementor-section-boxed elementor-section-height-default elementor-section-height-default\" data-id=\"b60491\" data-element_type=\"section\" data-e-type=\"section\">\n\t\t\t\t\t\t<div class=\"elementor-container elementor-column-gap-default\">\n\t\t\t\t\t<div class=\"elementor-column elementor-col-33 elementor-inner-column elementor-element elementor-element-41cfa4e5 elementor-invisible\" data-id=\"41cfa4e5\" data-element_type=\"column\" data-e-type=\"column\" data-settings=\"{&quot;animation&quot;:&quot;slideInUp&quot;}\">\n\t\t\t<div class=\"elementor-widget-wrap elementor-element-populated\">\n\t\t\t\t\t\t<div class=\"elementor-element elementor-element-52736b7f ekit-equal-height-disable elementor-widget elementor-widget-elementskit-icon-box\" data-id=\"52736b7f\" data-element_type=\"widget\" data-e-type=\"widget\" data-widget_type=\"elementskit-icon-box.default\">\n\t\t\t\t\t<div class=\"ekit-wid-con\" >        <!-- link opening -->\n                <!-- end link opening -->\n\n        <div class=\"elementskit-infobox text-left text-left icon-top-align elementor-animation-   \">\n                    <div class=\"elementskit-box-header elementor-animation-\">\n                <div class=\"elementskit-info-box-icon  \">\n                    \n                <\/div>\n          <\/div>\n                        <div class=\"box-body\">\n                            <h3 class=\"elementskit-info-box-title\">\n                     Cu\u00e9ntanos tu Idea.                <\/h3>\n                        \t\t  \t<p>El primer paso es una conversaci\u00f3n. Nos ponemos en contacto para que nos expongas tus necesidades, tus ideas y la visi\u00f3n de tu proyecto. Ya sea para un mueble a medida o para la camperizaci\u00f3n de tu veh\u00edculo, estamos listos para escucharte.<\/p>\n                                <\/div>\n        \n        \n                    <div class=\"ekit-icon-box-badge ekit_position_top_left\">\n                <span class=\"ekit-badge\">Paso 1<\/span>\n            <\/div>\n                <\/div>\n        <\/div>\t\t\t\t<\/div>\n\t\t\t\t\t<\/div>\n\t\t<\/div>\n\t\t\t\t<div class=\"elementor-column elementor-col-33 elementor-inner-column elementor-element elementor-element-f8308b2 elementor-invisible\" data-id=\"f8308b2\" data-element_type=\"column\" data-e-type=\"column\" data-settings=\"{&quot;animation&quot;:&quot;slideInUp&quot;,&quot;animation_delay&quot;:360}\">\n\t\t\t<div class=\"elementor-widget-wrap elementor-element-populated\">\n\t\t\t\t\t\t<div class=\"elementor-element elementor-element-444a7242 ekit-equal-height-disable elementor-widget elementor-widget-elementskit-icon-box\" data-id=\"444a7242\" data-element_type=\"widget\" data-e-type=\"widget\" data-widget_type=\"elementskit-icon-box.default\">\n\t\t\t\t\t<div class=\"ekit-wid-con\" >        <!-- link opening -->\n                <!-- end link opening -->\n\n        <div class=\"elementskit-infobox text-left text-left icon-top-align elementor-animation-   \">\n                    <div class=\"elementskit-box-header elementor-animation-\">\n                <div class=\"elementskit-info-box-icon  \">\n                    \n                <\/div>\n          <\/div>\n                        <div class=\"box-body\">\n                            <h3 class=\"elementskit-info-box-title\">\n                    Planificaci\u00f3n y Propuesta.                <\/h3>\n                        \t\t  \t<p>Bas\u00e1ndonos en tu visi\u00f3n, nuestro equipo de expertos elabora un plan detallado y un presupuesto personalizado. Te presentamos una propuesta clara, transparente y sin compromiso, que refleja la calidad y el alcance del trabajo.<\/p>\n                                <\/div>\n        \n        \n                    <div class=\"ekit-icon-box-badge ekit_position_top_left\">\n                <span class=\"ekit-badge\">Paso 2<\/span>\n            <\/div>\n                <\/div>\n        <\/div>\t\t\t\t<\/div>\n\t\t\t\t\t<\/div>\n\t\t<\/div>\n\t\t\t\t<div class=\"elementor-column elementor-col-33 elementor-inner-column elementor-element elementor-element-6998b469 elementor-invisible\" data-id=\"6998b469\" data-element_type=\"column\" data-e-type=\"column\" data-settings=\"{&quot;animation&quot;:&quot;slideInUp&quot;,&quot;animation_delay&quot;:720}\">\n\t\t\t<div class=\"elementor-widget-wrap elementor-element-populated\">\n\t\t\t\t\t\t<div class=\"elementor-element elementor-element-1ca3ffb9 ekit-equal-height-disable elementor-widget elementor-widget-elementskit-icon-box\" data-id=\"1ca3ffb9\" data-element_type=\"widget\" data-e-type=\"widget\" data-widget_type=\"elementskit-icon-box.default\">\n\t\t\t\t\t<div class=\"ekit-wid-con\" >        <!-- link opening -->\n                <!-- end link opening -->\n\n        <div class=\"elementskit-infobox text-left text-left icon-top-align elementor-animation-   \">\n                    <div class=\"elementskit-box-header elementor-animation-\">\n                <div class=\"elementskit-info-box-icon  \">\n                    \n                <\/div>\n          <\/div>\n                        <div class=\"box-body\">\n                            <h3 class=\"elementskit-info-box-title\">\n                    Manos a la Obra.                <\/h3>\n                        \t\t  \t<p>Una vez aprobado el presupuesto, ponemos en marcha el proyecto. Con la maestr\u00eda de nuestros artesanos y el uso de materiales de primera calidad, convertimos tu idea en realidad, asegurando la excelencia en cada etapa del proceso.\n\n<\/p>\n                                <\/div>\n        \n        \n                    <div class=\"ekit-icon-box-badge ekit_position_top_left\">\n                <span class=\"ekit-badge\">Paso 3<\/span>\n            <\/div>\n                <\/div>\n        <\/div>\t\t\t\t<\/div>\n\t\t\t\t\t<\/div>\n\t\t<\/div>\n\t\t\t\t\t<\/div>\n\t\t<\/section>\n\t\t\t\t\t<\/div>\n\t\t<\/div>\n\t\t\t\t\t<\/div>\n\t\t<\/section>\n\t\t\t\t<section class=\"elementor-section elementor-top-section elementor-element elementor-element-12683c86 elementor-section-boxed elementor-section-height-default elementor-section-height-default\" data-id=\"12683c86\" data-element_type=\"section\" data-e-type=\"section\">\n\t\t\t\t\t\t<div class=\"elementor-container elementor-column-gap-default\">\n\t\t\t\t\t<div class=\"elementor-column elementor-col-100 elementor-top-column elementor-element elementor-element-756691e5\" data-id=\"756691e5\" data-element_type=\"column\" data-e-type=\"column\">\n\t\t\t<div class=\"elementor-widget-wrap elementor-element-populated\">\n\t\t\t\t\t\t<div class=\"elementor-element elementor-element-5b2bedb elementor-widget elementor-widget-menu-anchor\" data-id=\"5b2bedb\" data-element_type=\"widget\" data-e-type=\"widget\" data-widget_type=\"menu-anchor.default\">\n\t\t\t\t\t\t\t<div class=\"elementor-menu-anchor\" id=\"proyectos\"><\/div>\n\t\t\t\t\t\t<\/div>\n\t\t\t\t<section class=\"elementor-section elementor-inner-section elementor-element elementor-element-5d0ed597 elementor-section-boxed elementor-section-height-default elementor-section-height-default\" data-id=\"5d0ed597\" data-element_type=\"section\" data-e-type=\"section\">\n\t\t\t\t\t\t<div class=\"elementor-container elementor-column-gap-default\">\n\t\t\t\t\t<div class=\"elementor-column elementor-col-100 elementor-inner-column elementor-element elementor-element-49b7a789\" data-id=\"49b7a789\" data-element_type=\"column\" data-e-type=\"column\">\n\t\t\t<div class=\"elementor-widget-wrap elementor-element-populated\">\n\t\t\t\t\t\t<div class=\"elementor-element elementor-element-3b5ce77b elementor-widget-mobile__width-initial elementor-invisible elementor-widget elementor-widget-elementskit-heading\" data-id=\"3b5ce77b\" data-element_type=\"widget\" data-e-type=\"widget\" data-settings=\"{&quot;_animation&quot;:&quot;fadeInDown&quot;}\" data-widget_type=\"elementskit-heading.default\">\n\t\t\t\t\t<div class=\"ekit-wid-con\" ><div class=\"ekit-heading elementskit-section-title-wraper text_center   ekit_heading_tablet-   ekit_heading_mobile-\"><h2 class=\"ekit-heading--title elementskit-section-title \">Nuestros \u00faltimos trabajos<\/h2><div class=\"ekit_heading_separetor_wraper ekit_heading_elementskit-border-divider elementskit-style-long\"><div class=\"elementskit-border-divider elementskit-style-long\"><\/div><\/div><\/div><\/div>\t\t\t\t<\/div>\n\t\t\t\t<div class=\"elementor-element elementor-element-3185fd83 bdt-skin-fedara-style-center elementor-widget elementor-widget-bdt-custom-gallery\" data-id=\"3185fd83\" data-element_type=\"widget\" data-e-type=\"widget\" data-settings=\"{&quot;columns&quot;:&quot;3&quot;,&quot;columns_tablet&quot;:&quot;2&quot;,&quot;columns_mobile&quot;:&quot;1&quot;}\" data-widget_type=\"bdt-custom-gallery.default\">\n\t\t\t\t\t\t\t<div id=\"bdt-custom-gallery-3185fd83\" class=\"bdt-custom-gallery bdt-skin-default bdt-grid bdt-grid-small\" data-bdt-lightbox=\"video-autoplay: true; toggle: .bdt-gallery-lightbox-item; animation:slide;\" data-settings=\"{&quot;id&quot;:&quot;#bdt-custom-gallery-3185fd83&quot;,&quot;tiltShow&quot;:false}\">\n\t\t\t\t\t\t<div class=\"bdt-gallery-item bdt-transition-toggle bdt-width-1-1 bdt-width-1-2@s bdt-width-1-3@m\">\n\t\t\t\t<div class=\"bdt-custom-gallery-inner\">\n\n\t\t\t\t\t\n\t\t\t\t\t\n\t\t\t\t\t\t\n\t\t<div class=\"bdt-gallery-thumbnail\">\n\n\t\t\t<img loading=\"lazy\" decoding=\"async\" width=\"1080\" height=\"1350\" src=\"https:\/\/minervans.es\/wp-content\/uploads\/2025\/08\/MINERVANWORK4-1.jpg\" class=\"attachment-full size-full\" alt=\"Camperizado\" srcset=\"https:\/\/minervans.es\/wp-content\/uploads\/2025\/08\/MINERVANWORK4-1.jpg 1080w, https:\/\/minervans.es\/wp-content\/uploads\/2025\/08\/MINERVANWORK4-1-240x300.jpg 240w, https:\/\/minervans.es\/wp-content\/uploads\/2025\/08\/MINERVANWORK4-1-819x1024.jpg 819w, https:\/\/minervans.es\/wp-content\/uploads\/2025\/08\/MINERVANWORK4-1-768x960.jpg 768w\" sizes=\"(max-width: 1080px) 100vw, 1080px\" \/>\n\t\t<\/div>\n\t\t\t\t<div class=\"bdt-overlay bdt-overlay-default bdt-position-cover bdt-transition-fade\">\n\t\t\t<div class=\"bdt-custom-gallery-content\">\n\t\t\t\t<div class=\"bdt-custom-gallery-content-inner\">\n\n\n\n\t\t\t\t\t\t\t\t\t\t\t<div class=\"bdt-flex-inline bdt-gallery-item-link-wrapper\">\n\t\t\t\t\t\t\t<a data-elementor-open-lightbox=\"no\" href=\"https:\/\/minervans.es\/wp-content\/uploads\/2025\/08\/MINERVANWORK4-1.jpg\" class=\"bdt-gallery-item-link bdt-gallery-lightbox-item\" data-caption=\"Camperizado\">\n\t\t\t\t\t\t\t\t\t\t\t\t\t\t\t\t\t<i class=\"ep-icon-plus\" aria-hidden=\"true\"><\/i>\n\t\t\t\t\t\t\t\t\t\t\t\t\t\t\t<\/a>\n\t\t\t\t\t\t<\/div>\n\t\t\t\t\t\n\t\t\t\t\t\t\t<h3 class=\"bdt-gallery-item-title\n\t\t\tbdt-transition-slide-top-small\">\n\t\t\tCamperizado\t\t<\/h3>\n\t\t\t\t<div class=\"bdt-gallery-item-text bdt-transition-slide-bottom-small\">\n\t\tCamperizado a Peugeot Boxer H3L4\t\t<\/div>\n\t\t\n\t\t\t\t<\/div>\n\t\t\t<\/div>\n\t\t<\/div>\n\t\t\n\t\t\t\t\t\t\t\t\t\t<\/div>\n\t\t\t<\/div>\n\n\t\t\t\t\t<div class=\"bdt-gallery-item bdt-transition-toggle bdt-width-1-1 bdt-width-1-2@s bdt-width-1-3@m\">\n\t\t\t\t<div class=\"bdt-custom-gallery-inner\">\n\n\t\t\t\t\t\n\t\t\t\t\t\n\t\t\t\t\t\t\n\t\t<div class=\"bdt-gallery-thumbnail\">\n\n\t\t\t<img loading=\"lazy\" decoding=\"async\" width=\"1080\" height=\"1350\" src=\"https:\/\/minervans.es\/wp-content\/uploads\/2025\/08\/MINERVANWORK1-1.jpg\" class=\"attachment-full size-full\" alt=\"Carpinteria\" srcset=\"https:\/\/minervans.es\/wp-content\/uploads\/2025\/08\/MINERVANWORK1-1.jpg 1080w, https:\/\/minervans.es\/wp-content\/uploads\/2025\/08\/MINERVANWORK1-1-240x300.jpg 240w, https:\/\/minervans.es\/wp-content\/uploads\/2025\/08\/MINERVANWORK1-1-819x1024.jpg 819w, https:\/\/minervans.es\/wp-content\/uploads\/2025\/08\/MINERVANWORK1-1-768x960.jpg 768w\" sizes=\"(max-width: 1080px) 100vw, 1080px\" \/>\n\t\t<\/div>\n\t\t\t\t<div class=\"bdt-overlay bdt-overlay-default bdt-position-cover bdt-transition-fade\">\n\t\t\t<div class=\"bdt-custom-gallery-content\">\n\t\t\t\t<div class=\"bdt-custom-gallery-content-inner\">\n\n\n\n\t\t\t\t\t\t\t\t\t\t\t<div class=\"bdt-flex-inline bdt-gallery-item-link-wrapper\">\n\t\t\t\t\t\t\t<a data-elementor-open-lightbox=\"no\" href=\"https:\/\/minervans.es\/wp-content\/uploads\/2025\/08\/MINERVANWORK1-1.jpg\" class=\"bdt-gallery-item-link bdt-gallery-lightbox-item\" data-caption=\"Carpinteria\">\n\t\t\t\t\t\t\t\t\t\t\t\t\t\t\t\t\t<i class=\"ep-icon-plus\" aria-hidden=\"true\"><\/i>\n\t\t\t\t\t\t\t\t\t\t\t\t\t\t\t<\/a>\n\t\t\t\t\t\t<\/div>\n\t\t\t\t\t\n\t\t\t\t\t\t\t<h3 class=\"bdt-gallery-item-title\n\t\t\tbdt-transition-slide-top-small\">\n\t\t\tCarpinteria\t\t<\/h3>\n\t\t\t\t<div class=\"bdt-gallery-item-text bdt-transition-slide-bottom-small\">\n\t\tCambio de look para esta antigua cocina de roble d\u00e1ndole un lacadado en tono pastel claro m\u00e1s la colocaci\u00f3n de nuevos tiradores,bisagras y encimera tambi\u00e9n alguna peque\u00f1a modificaci\u00f3n en alg\u00fan m\u00f3dulo\t\t<\/div>\n\t\t\n\t\t\t\t<\/div>\n\t\t\t<\/div>\n\t\t<\/div>\n\t\t\n\t\t\t\t\t\t\t\t\t\t<\/div>\n\t\t\t<\/div>\n\n\t\t\t\t\t<div class=\"bdt-gallery-item bdt-transition-toggle bdt-width-1-1 bdt-width-1-2@s bdt-width-1-3@m\">\n\t\t\t\t<div class=\"bdt-custom-gallery-inner\">\n\n\t\t\t\t\t\n\t\t\t\t\t\n\t\t\t\t\t\t\n\t\t<div class=\"bdt-gallery-thumbnail\">\n\n\t\t\t<img loading=\"lazy\" decoding=\"async\" width=\"1080\" height=\"1350\" src=\"https:\/\/minervans.es\/wp-content\/uploads\/2025\/08\/Mobiliario-a-medida-para-quedar-cubierto-el-pano-entero-en-este-salon-combinando-madera-natural-.jpg\" class=\"attachment-full size-full\" alt=\"Carpinteria\" srcset=\"https:\/\/minervans.es\/wp-content\/uploads\/2025\/08\/Mobiliario-a-medida-para-quedar-cubierto-el-pano-entero-en-este-salon-combinando-madera-natural-.jpg 1080w, https:\/\/minervans.es\/wp-content\/uploads\/2025\/08\/Mobiliario-a-medida-para-quedar-cubierto-el-pano-entero-en-este-salon-combinando-madera-natural--240x300.jpg 240w, https:\/\/minervans.es\/wp-content\/uploads\/2025\/08\/Mobiliario-a-medida-para-quedar-cubierto-el-pano-entero-en-este-salon-combinando-madera-natural--819x1024.jpg 819w, https:\/\/minervans.es\/wp-content\/uploads\/2025\/08\/Mobiliario-a-medida-para-quedar-cubierto-el-pano-entero-en-este-salon-combinando-madera-natural--768x960.jpg 768w\" sizes=\"(max-width: 1080px) 100vw, 1080px\" \/>\n\t\t<\/div>\n\t\t\t\t<div class=\"bdt-overlay bdt-overlay-default bdt-position-cover bdt-transition-fade\">\n\t\t\t<div class=\"bdt-custom-gallery-content\">\n\t\t\t\t<div class=\"bdt-custom-gallery-content-inner\">\n\n\n\n\t\t\t\t\t\t\t\t\t\t\t<div class=\"bdt-flex-inline bdt-gallery-item-link-wrapper\">\n\t\t\t\t\t\t\t<a data-elementor-open-lightbox=\"no\" href=\"https:\/\/minervans.es\/wp-content\/uploads\/2025\/08\/Mobiliario-a-medida-para-quedar-cubierto-el-pano-entero-en-este-salon-combinando-madera-natural-.jpg\" class=\"bdt-gallery-item-link bdt-gallery-lightbox-item\" data-caption=\"Carpinteria\">\n\t\t\t\t\t\t\t\t\t\t\t\t\t\t\t\t\t<i class=\"ep-icon-plus\" aria-hidden=\"true\"><\/i>\n\t\t\t\t\t\t\t\t\t\t\t\t\t\t\t<\/a>\n\t\t\t\t\t\t<\/div>\n\t\t\t\t\t\n\t\t\t\t\t\t\t<h3 class=\"bdt-gallery-item-title\n\t\t\tbdt-transition-slide-top-small\">\n\t\t\tCarpinteria\t\t<\/h3>\n\t\t\t\t<div class=\"bdt-gallery-item-text bdt-transition-slide-bottom-small\">\n\t\tMobiliario a medida para quedar cubierto el pa\u00f1o entero en este sal\u00f3n combinando madera natural con color e integr\u00e1ndola en la construcci\u00f3n\t\t<\/div>\n\t\t\n\t\t\t\t<\/div>\n\t\t\t<\/div>\n\t\t<\/div>\n\t\t\n\t\t\t\t\t\t\t\t\t\t<\/div>\n\t\t\t<\/div>\n\n\t\t\t\t\t<div class=\"bdt-gallery-item bdt-transition-toggle bdt-width-1-1 bdt-width-1-2@s bdt-width-1-3@m\">\n\t\t\t\t<div class=\"bdt-custom-gallery-inner\">\n\n\t\t\t\t\t\n\t\t\t\t\t\n\t\t\t\t\t\t\n\t\t<div class=\"bdt-gallery-thumbnail\">\n\n\t\t\t<img loading=\"lazy\" decoding=\"async\" width=\"1080\" height=\"1350\" src=\"https:\/\/minervans.es\/wp-content\/uploads\/2025\/08\/MINERVANWORK6-1jpg.jpg\" class=\"attachment-full size-full\" alt=\"Camperizado\" srcset=\"https:\/\/minervans.es\/wp-content\/uploads\/2025\/08\/MINERVANWORK6-1jpg.jpg 1080w, https:\/\/minervans.es\/wp-content\/uploads\/2025\/08\/MINERVANWORK6-1jpg-240x300.jpg 240w, https:\/\/minervans.es\/wp-content\/uploads\/2025\/08\/MINERVANWORK6-1jpg-819x1024.jpg 819w, https:\/\/minervans.es\/wp-content\/uploads\/2025\/08\/MINERVANWORK6-1jpg-768x960.jpg 768w\" sizes=\"(max-width: 1080px) 100vw, 1080px\" \/>\n\t\t<\/div>\n\t\t\t\t<div class=\"bdt-overlay bdt-overlay-default bdt-position-cover bdt-transition-fade\">\n\t\t\t<div class=\"bdt-custom-gallery-content\">\n\t\t\t\t<div class=\"bdt-custom-gallery-content-inner\">\n\n\n\n\t\t\t\t\t\t\t\t\t\t\t<div class=\"bdt-flex-inline bdt-gallery-item-link-wrapper\">\n\t\t\t\t\t\t\t<a data-elementor-open-lightbox=\"no\" href=\"https:\/\/minervans.es\/wp-content\/uploads\/2025\/08\/MINERVANWORK6-1jpg.jpg\" class=\"bdt-gallery-item-link bdt-gallery-lightbox-item\" data-caption=\"Camperizado\">\n\t\t\t\t\t\t\t\t\t\t\t\t\t\t\t\t\t<i class=\"ep-icon-plus\" aria-hidden=\"true\"><\/i>\n\t\t\t\t\t\t\t\t\t\t\t\t\t\t\t<\/a>\n\t\t\t\t\t\t<\/div>\n\t\t\t\t\t\n\t\t\t\t\t\t\t<h3 class=\"bdt-gallery-item-title\n\t\t\tbdt-transition-slide-top-small\">\n\t\t\tCamperizado\t\t<\/h3>\n\t\t\t\t<div class=\"bdt-gallery-item-text bdt-transition-slide-bottom-small\">\n\t\tAs\u00ed quedo la iluminaci\u00f3n en esta Mercedes Sprinter realizada para @serichol_tatts\t\t<\/div>\n\t\t\n\t\t\t\t<\/div>\n\t\t\t<\/div>\n\t\t<\/div>\n\t\t\n\t\t\t\t\t\t\t\t\t\t<\/div>\n\t\t\t<\/div>\n\n\t\t\t\t\t<div class=\"bdt-gallery-item bdt-transition-toggle bdt-width-1-1 bdt-width-1-2@s bdt-width-1-3@m\">\n\t\t\t\t<div class=\"bdt-custom-gallery-inner\">\n\n\t\t\t\t\t\n\t\t\t\t\t\n\t\t\t\t\t\t\n\t\t<div class=\"bdt-gallery-thumbnail\">\n\n\t\t\t<img loading=\"lazy\" decoding=\"async\" width=\"1080\" height=\"1350\" src=\"https:\/\/minervans.es\/wp-content\/uploads\/2025\/08\/MINERVANWORK5-1jpg.jpg\" class=\"attachment-full size-full\" alt=\"Carpinteria\" srcset=\"https:\/\/minervans.es\/wp-content\/uploads\/2025\/08\/MINERVANWORK5-1jpg.jpg 1080w, https:\/\/minervans.es\/wp-content\/uploads\/2025\/08\/MINERVANWORK5-1jpg-240x300.jpg 240w, https:\/\/minervans.es\/wp-content\/uploads\/2025\/08\/MINERVANWORK5-1jpg-819x1024.jpg 819w, https:\/\/minervans.es\/wp-content\/uploads\/2025\/08\/MINERVANWORK5-1jpg-768x960.jpg 768w\" sizes=\"(max-width: 1080px) 100vw, 1080px\" \/>\n\t\t<\/div>\n\t\t\t\t<div class=\"bdt-overlay bdt-overlay-default bdt-position-cover bdt-transition-fade\">\n\t\t\t<div class=\"bdt-custom-gallery-content\">\n\t\t\t\t<div class=\"bdt-custom-gallery-content-inner\">\n\n\n\n\t\t\t\t\t\t\t\t\t\t\t<div class=\"bdt-flex-inline bdt-gallery-item-link-wrapper\">\n\t\t\t\t\t\t\t<a data-elementor-open-lightbox=\"no\" href=\"https:\/\/minervans.es\/wp-content\/uploads\/2025\/08\/MINERVANWORK5-1jpg.jpg\" class=\"bdt-gallery-item-link bdt-gallery-lightbox-item\" data-caption=\"Carpinteria\">\n\t\t\t\t\t\t\t\t\t\t\t\t\t\t\t\t\t<i class=\"ep-icon-plus\" aria-hidden=\"true\"><\/i>\n\t\t\t\t\t\t\t\t\t\t\t\t\t\t\t<\/a>\n\t\t\t\t\t\t<\/div>\n\t\t\t\t\t\n\t\t\t\t\t\t\t<h3 class=\"bdt-gallery-item-title\n\t\t\tbdt-transition-slide-top-small\">\n\t\t\tCarpinteria\t\t<\/h3>\n\t\t\t\t<div class=\"bdt-gallery-item-text bdt-transition-slide-bottom-small\">\n\t\t\t\t<\/div>\n\t\t\n\t\t\t\t<\/div>\n\t\t\t<\/div>\n\t\t<\/div>\n\t\t\n\t\t\t\t\t\t\t\t\t\t<\/div>\n\t\t\t<\/div>\n\n\t\t\t\t\t<div class=\"bdt-gallery-item bdt-transition-toggle bdt-width-1-1 bdt-width-1-2@s bdt-width-1-3@m\">\n\t\t\t\t<div class=\"bdt-custom-gallery-inner\">\n\n\t\t\t\t\t\n\t\t\t\t\t\n\t\t\t\t\t\t\n\t\t<div class=\"bdt-gallery-thumbnail\">\n\n\t\t\t<img loading=\"lazy\" decoding=\"async\" width=\"1080\" height=\"1438\" src=\"https:\/\/minervans.es\/wp-content\/uploads\/2025\/08\/MINERVANWORK7-4jpg.jpg\" class=\"attachment-full size-full\" alt=\"Camperizado\" srcset=\"https:\/\/minervans.es\/wp-content\/uploads\/2025\/08\/MINERVANWORK7-4jpg.jpg 1080w, https:\/\/minervans.es\/wp-content\/uploads\/2025\/08\/MINERVANWORK7-4jpg-225x300.jpg 225w, https:\/\/minervans.es\/wp-content\/uploads\/2025\/08\/MINERVANWORK7-4jpg-769x1024.jpg 769w, https:\/\/minervans.es\/wp-content\/uploads\/2025\/08\/MINERVANWORK7-4jpg-768x1023.jpg 768w\" sizes=\"(max-width: 1080px) 100vw, 1080px\" \/>\n\t\t<\/div>\n\t\t\t\t<div class=\"bdt-overlay bdt-overlay-default bdt-position-cover bdt-transition-fade\">\n\t\t\t<div class=\"bdt-custom-gallery-content\">\n\t\t\t\t<div class=\"bdt-custom-gallery-content-inner\">\n\n\n\n\t\t\t\t\t\t\t\t\t\t\t<div class=\"bdt-flex-inline bdt-gallery-item-link-wrapper\">\n\t\t\t\t\t\t\t<a data-elementor-open-lightbox=\"no\" href=\"https:\/\/minervans.es\/wp-content\/uploads\/2025\/08\/MINERVANWORK7-4jpg.jpg\" class=\"bdt-gallery-item-link bdt-gallery-lightbox-item\" data-caption=\"Camperizado\">\n\t\t\t\t\t\t\t\t\t\t\t\t\t\t\t\t\t<i class=\"ep-icon-plus\" aria-hidden=\"true\"><\/i>\n\t\t\t\t\t\t\t\t\t\t\t\t\t\t\t<\/a>\n\t\t\t\t\t\t<\/div>\n\t\t\t\t\t\n\t\t\t\t\t\t\t<h3 class=\"bdt-gallery-item-title\n\t\t\tbdt-transition-slide-top-small\">\n\t\t\tCamperizado\t\t<\/h3>\n\t\t\t\t<div class=\"bdt-gallery-item-text bdt-transition-slide-bottom-small\">\n\t\t\t\t<\/div>\n\t\t\n\t\t\t\t<\/div>\n\t\t\t<\/div>\n\t\t<\/div>\n\t\t\n\t\t\t\t\t\t\t\t\t\t<\/div>\n\t\t\t<\/div>\n\n\t\t\n\t\t\t\t<\/div>\n\t\t\t\t\t\t<\/div>\n\t\t\t\t\t<\/div>\n\t\t<\/div>\n\t\t\t\t\t<\/div>\n\t\t<\/section>\n\t\t\t\t\t<\/div>\n\t\t<\/div>\n\t\t\t\t\t<\/div>\n\t\t<\/section>\n\t\t\t\t<section class=\"elementor-section elementor-top-section elementor-element elementor-element-3b768aba elementor-section-boxed elementor-section-height-default elementor-section-height-default\" data-id=\"3b768aba\" data-element_type=\"section\" data-e-type=\"section\">\n\t\t\t\t\t\t<div class=\"elementor-container elementor-column-gap-default\">\n\t\t\t\t\t<div class=\"elementor-column elementor-col-100 elementor-top-column elementor-element elementor-element-368692fe\" data-id=\"368692fe\" data-element_type=\"column\" data-e-type=\"column\">\n\t\t\t<div class=\"elementor-widget-wrap elementor-element-populated\">\n\t\t\t\t\t\t<div class=\"elementor-element elementor-element-1233065 elementor-widget elementor-widget-menu-anchor\" data-id=\"1233065\" data-element_type=\"widget\" data-e-type=\"widget\" data-widget_type=\"menu-anchor.default\">\n\t\t\t\t\t\t\t<div class=\"elementor-menu-anchor\" id=\"preguntas\"><\/div>\n\t\t\t\t\t\t<\/div>\n\t\t\t\t<div class=\"elementor-element elementor-element-4655f1db elementor-widget elementor-widget-heading\" data-id=\"4655f1db\" data-element_type=\"widget\" data-e-type=\"widget\" data-widget_type=\"heading.default\">\n\t\t\t\t\t<h2 class=\"elementor-heading-title elementor-size-default\">FAQs<\/h2>\t\t\t\t<\/div>\n\t\t\t\t<div class=\"elementor-element elementor-element-be6f7b1 elementor-widget-mobile__width-initial elementor-widget elementor-widget-elementskit-heading\" data-id=\"be6f7b1\" data-element_type=\"widget\" data-e-type=\"widget\" data-widget_type=\"elementskit-heading.default\">\n\t\t\t\t\t<div class=\"ekit-wid-con\" ><div class=\"ekit-heading elementskit-section-title-wraper text_center   ekit_heading_tablet-   ekit_heading_mobile-\"><h2 class=\"ekit-heading--title elementskit-section-title \">Preguntas frecuentes<\/h2><div class=\"ekit_heading_separetor_wraper ekit_heading_elementskit-border-divider elementskit-style-long\"><div class=\"elementskit-border-divider elementskit-style-long\"><\/div><\/div><\/div><\/div>\t\t\t\t<\/div>\n\t\t\t\t<section class=\"elementor-section elementor-inner-section elementor-element elementor-element-6c07dcda elementor-section-boxed elementor-section-height-default elementor-section-height-default\" data-id=\"6c07dcda\" data-element_type=\"section\" data-e-type=\"section\">\n\t\t\t\t\t\t<div class=\"elementor-container elementor-column-gap-default\">\n\t\t\t\t\t<div class=\"elementor-column elementor-col-50 elementor-inner-column elementor-element elementor-element-c7124ae elementor-invisible\" data-id=\"c7124ae\" data-element_type=\"column\" data-e-type=\"column\" data-settings=\"{&quot;animation&quot;:&quot;rotateInUpLeft&quot;}\">\n\t\t\t<div class=\"elementor-widget-wrap elementor-element-populated\">\n\t\t\t\t\t\t<div class=\"elementor-element elementor-element-66507b7 elementor-widget elementor-widget-image\" data-id=\"66507b7\" data-element_type=\"widget\" data-e-type=\"widget\" data-widget_type=\"image.default\">\n\t\t\t\t\t\t\t\t\t\t\t\t\t\t\t<img loading=\"lazy\" decoding=\"async\" width=\"819\" height=\"1024\" src=\"https:\/\/minervans.es\/wp-content\/uploads\/2025\/08\/minervans2-819x1024.jpg\" class=\"attachment-large size-large wp-image-309\" alt=\"\" srcset=\"https:\/\/minervans.es\/wp-content\/uploads\/2025\/08\/minervans2-819x1024.jpg 819w, https:\/\/minervans.es\/wp-content\/uploads\/2025\/08\/minervans2-240x300.jpg 240w, https:\/\/minervans.es\/wp-content\/uploads\/2025\/08\/minervans2-768x960.jpg 768w, https:\/\/minervans.es\/wp-content\/uploads\/2025\/08\/minervans2.jpg 1080w\" sizes=\"(max-width: 819px) 100vw, 819px\" \/>\t\t\t\t\t\t\t\t\t\t\t\t\t\t\t<\/div>\n\t\t\t\t\t<\/div>\n\t\t<\/div>\n\t\t\t\t<div class=\"elementor-column elementor-col-50 elementor-inner-column elementor-element elementor-element-590e3ee9 elementor-invisible\" data-id=\"590e3ee9\" data-element_type=\"column\" data-e-type=\"column\" data-settings=\"{&quot;animation&quot;:&quot;rotateInUpRight&quot;}\">\n\t\t\t<div class=\"elementor-widget-wrap elementor-element-populated\">\n\t\t\t\t\t\t<div class=\"elementor-element elementor-element-59a0ce18 elementor-widget elementor-widget-elementskit-accordion\" data-id=\"59a0ce18\" data-element_type=\"widget\" data-e-type=\"widget\" data-widget_type=\"elementskit-accordion.default\">\n\t\t\t\t\t<div class=\"ekit-wid-con\" >\n        <div class=\"elementskit-accordion accoedion-primary\" id=\"accordion-69f477c40594e\">\n\n            \n                <div class=\"elementskit-card active\">\n                    <div class=\"elementskit-card-header\" id=\"primaryHeading-0-59a0ce18\">\n                        <a href=\"#collapse-9d77e3869f477c40594e\" class=\"ekit-accordion--toggler elementskit-btn-link collapsed\" data-ekit-toggle=\"collapse\" data-target=\"#Collapse-9d77e3869f477c40594e\" aria-expanded=\"true\" aria-controls=\"Collapse-9d77e3869f477c40594e\">\n                                                            <div class=\"ekit_accordion_icon_left_group\">\n                                    <div class=\"ekit_accordion_normal_icon\">\n                                        <!-- Normal Icon -->\n                                        <i class=\"icon icon-plus\"><\/i>                                    <\/div>\n\n                                    <div class=\"ekit_accordion_active_icon\">\n                                        <!-- Active Icon -->\n\t\t\t\t\t\t\t\t\t\t<i class=\"icon icon-minus\"><\/i>                                    <\/div>\n                                <\/div>\n\n                            \n                            <span class=\"ekit-accordion-title\">\u00bfOfrecen presupuestos sin compromiso?<\/span>\n\n                            \n                                                    <\/a>\n                    <\/div>\n\n                    <div id=\"Collapse-9d77e3869f477c40594e\" class=\" show collapse\" aria-labelledby=\"primaryHeading-0-59a0ce18\" data-parent=\"#accordion-69f477c40594e\">\n\n                        <div class=\"elementskit-card-body ekit-accordion--content\">\n                            <p>S\u00ed, por supuesto. Para ambos servicios, ya sea para un proyecto de mobiliario a medida o para la camperizaci\u00f3n de un veh\u00edculo, ofrecemos un presupuesto detallado y sin ning\u00fan compromiso. Cont\u00e1ctenos y cu\u00e9ntenos su idea para que podamos comenzar a planificar su proyecto.<\/p>                        <\/div>\n\n                    <\/div>\n\n                <\/div><!-- .elementskit-card END -->\n\n                \n                <div class=\"elementskit-card \">\n                    <div class=\"elementskit-card-header\" id=\"primaryHeading-1-59a0ce18\">\n                        <a href=\"#collapse-e27342c69f477c40594e\" class=\"ekit-accordion--toggler elementskit-btn-link collapsed\" data-ekit-toggle=\"collapse\" data-target=\"#Collapse-e27342c69f477c40594e\" aria-expanded=\"false\" aria-controls=\"Collapse-e27342c69f477c40594e\">\n                                                            <div class=\"ekit_accordion_icon_left_group\">\n                                    <div class=\"ekit_accordion_normal_icon\">\n                                        <!-- Normal Icon -->\n                                        <i class=\"icon icon-plus\"><\/i>                                    <\/div>\n\n                                    <div class=\"ekit_accordion_active_icon\">\n                                        <!-- Active Icon -->\n\t\t\t\t\t\t\t\t\t\t<i class=\"icon icon-minus\"><\/i>                                    <\/div>\n                                <\/div>\n\n                            \n                            <span class=\"ekit-accordion-title\">\u00bfTrabajan con cualquier tipo de material?<\/span>\n\n                            \n                                                    <\/a>\n                    <\/div>\n\n                    <div id=\"Collapse-e27342c69f477c40594e\" class=\" collapse\" aria-labelledby=\"primaryHeading-1-59a0ce18\" data-parent=\"#accordion-69f477c40594e\">\n\n                        <div class=\"elementskit-card-body ekit-accordion--content\">\n                            <p>Nos especializamos en una amplia gama de materiales de alta calidad, desde maderas nobles hasta acabados laminados, lacados y otros materiales t\u00e9cnicos. Para la camperizaci\u00f3n, utilizamos componentes certificados y de marcas l\u00edderes en el mercado, como Victron Energy, para garantizar la m\u00e1xima durabilidad y seguridad.<\/p>                        <\/div>\n\n                    <\/div>\n\n                <\/div><!-- .elementskit-card END -->\n\n                \n                <div class=\"elementskit-card \">\n                    <div class=\"elementskit-card-header\" id=\"primaryHeading-2-59a0ce18\">\n                        <a href=\"#collapse-b46596269f477c40594e\" class=\"ekit-accordion--toggler elementskit-btn-link collapsed\" data-ekit-toggle=\"collapse\" data-target=\"#Collapse-b46596269f477c40594e\" aria-expanded=\"false\" aria-controls=\"Collapse-b46596269f477c40594e\">\n                                                            <div class=\"ekit_accordion_icon_left_group\">\n                                    <div class=\"ekit_accordion_normal_icon\">\n                                        <!-- Normal Icon -->\n                                        <i class=\"icon icon-plus\"><\/i>                                    <\/div>\n\n                                    <div class=\"ekit_accordion_active_icon\">\n                                        <!-- Active Icon -->\n\t\t\t\t\t\t\t\t\t\t<i class=\"icon icon-minus\"><\/i>                                    <\/div>\n                                <\/div>\n\n                            \n                            <span class=\"ekit-accordion-title\">\u00bfCu\u00e1nto tiempo tarda un proyecto de camperizaci\u00f3n o carpinter\u00eda?<\/span>\n\n                            \n                                                    <\/a>\n                    <\/div>\n\n                    <div id=\"Collapse-b46596269f477c40594e\" class=\" collapse\" aria-labelledby=\"primaryHeading-2-59a0ce18\" data-parent=\"#accordion-69f477c40594e\">\n\n                        <div class=\"elementskit-card-body ekit-accordion--content\">\n                            <p>El tiempo de ejecuci\u00f3n var\u00eda considerablemente seg\u00fan la complejidad y el alcance del proyecto. Un mueble a medida puede llevar unas semanas, mientras que una camperizaci\u00f3n completa requiere de varios meses de trabajo. Una vez que hayamos definido su proyecto, le proporcionaremos un cronograma estimado y lo mantendremos informado en cada etapa del proceso.<\/p>                        <\/div>\n\n                    <\/div>\n\n                <\/div><!-- .elementskit-card END -->\n\n                \n                <div class=\"elementskit-card \">\n                    <div class=\"elementskit-card-header\" id=\"primaryHeading-3-59a0ce18\">\n                        <a href=\"#collapse-4137f0269f477c40594e\" class=\"ekit-accordion--toggler elementskit-btn-link collapsed\" data-ekit-toggle=\"collapse\" data-target=\"#Collapse-4137f0269f477c40594e\" aria-expanded=\"false\" aria-controls=\"Collapse-4137f0269f477c40594e\">\n                                                            <div class=\"ekit_accordion_icon_left_group\">\n                                    <div class=\"ekit_accordion_normal_icon\">\n                                        <!-- Normal Icon -->\n                                        <i class=\"icon icon-plus\"><\/i>                                    <\/div>\n\n                                    <div class=\"ekit_accordion_active_icon\">\n                                        <!-- Active Icon -->\n\t\t\t\t\t\t\t\t\t\t<i class=\"icon icon-minus\"><\/i>                                    <\/div>\n                                <\/div>\n\n                            \n                            <span class=\"ekit-accordion-title\">\u00bfOfrecen garant\u00eda en sus trabajos?<\/span>\n\n                            \n                                                    <\/a>\n                    <\/div>\n\n                    <div id=\"Collapse-4137f0269f477c40594e\" class=\" collapse\" aria-labelledby=\"primaryHeading-3-59a0ce18\" data-parent=\"#accordion-69f477c40594e\">\n\n                        <div class=\"elementskit-card-body ekit-accordion--content\">\n                            <p>S\u00ed, todos nuestros trabajos est\u00e1n cubiertos por una garant\u00eda que asegura la calidad de la fabricaci\u00f3n y la instalaci\u00f3n. Adem\u00e1s, trabajamos con proveedores que ofrecen garant\u00edas en sus productos. Nuestro objetivo es que tenga total tranquilidad con el resultado final.<\/p>                        <\/div>\n\n                    <\/div>\n\n                <\/div><!-- .elementskit-card END -->\n\n                \n                <div class=\"elementskit-card \">\n                    <div class=\"elementskit-card-header\" id=\"primaryHeading-4-59a0ce18\">\n                        <a href=\"#collapse-43612b669f477c40594e\" class=\"ekit-accordion--toggler elementskit-btn-link collapsed\" data-ekit-toggle=\"collapse\" data-target=\"#Collapse-43612b669f477c40594e\" aria-expanded=\"false\" aria-controls=\"Collapse-43612b669f477c40594e\">\n                                                            <div class=\"ekit_accordion_icon_left_group\">\n                                    <div class=\"ekit_accordion_normal_icon\">\n                                        <!-- Normal Icon -->\n                                        <i class=\"icon icon-plus\"><\/i>                                    <\/div>\n\n                                    <div class=\"ekit_accordion_active_icon\">\n                                        <!-- Active Icon -->\n\t\t\t\t\t\t\t\t\t\t<i class=\"icon icon-minus\"><\/i>                                    <\/div>\n                                <\/div>\n\n                            \n                            <span class=\"ekit-accordion-title\">\u00bfPuedo visitar sus instalaciones o ver proyectos terminados?<\/span>\n\n                            \n                                                    <\/a>\n                    <\/div>\n\n                    <div id=\"Collapse-43612b669f477c40594e\" class=\" collapse\" aria-labelledby=\"primaryHeading-4-59a0ce18\" data-parent=\"#accordion-69f477c40594e\">\n\n                        <div class=\"elementskit-card-body ekit-accordion--content\">\n                            <p>Actualmente, atendemos a nuestros clientes con cita previa para garantizar una atenci\u00f3n personalizada. Si est\u00e1 interesado en conocer m\u00e1s sobre nuestro proceso de trabajo o ver ejemplos de proyectos anteriores, por favor, p\u00f3ngase en contacto con nosotros para agendar una visita y hablar sobre su idea en persona.<\/p>                        <\/div>\n\n                    <\/div>\n\n                <\/div><!-- .elementskit-card END -->\n\n                                        <\/div>\n    <\/div>\t\t\t\t<\/div>\n\t\t\t\t\t<\/div>\n\t\t<\/div>\n\t\t\t\t\t<\/div>\n\t\t<\/section>\n\t\t\t\t\t<\/div>\n\t\t<\/div>\n\t\t\t\t\t<\/div>\n\t\t<\/section>\n\t\t\t\t<\/div>\n\t\t","protected":false},"excerpt":{"rendered":"<p>Mobiliario a Medida Tu Estilo, Nuestra Habilidad. Creamos piezas \u00fanicas de ebanister\u00eda para tu hogar o negocio. Dise\u00f1os funcionales y [&hellip;]<\/p>\n","protected":false},"author":1,"featured_media":736,"parent":0,"menu_order":0,"comment_status":"closed","ping_status":"closed","template":"","meta":{"site-sidebar-layout":"no-sidebar","site-content-layout":"","ast-site-content-layout":"full-width-container","site-content-style":"default","site-sidebar-style":"default","ast-global-header-display":"","ast-banner-title-visibility":"","ast-main-header-display":"","ast-hfb-above-header-display":"","ast-hfb-below-header-display":"","ast-hfb-mobile-header-display":"","site-post-title":"","ast-breadcrumbs-content":"","ast-featured-img":"disabled","footer-sml-layout":"","ast-disable-related-posts":"","theme-transparent-header-meta":"","adv-header-id-meta":"","stick-header-meta":"","header-above-stick-meta":"","header-main-stick-meta":"","header-below-stick-meta":"","astra-migrate-meta-layouts":"default","ast-page-background-enabled":"default","ast-page-background-meta":{"desktop":{"background-color":"var(--ast-global-color-5)","background-image":"","background-repeat":"repeat","background-position":"center center","background-size":"auto","background-attachment":"scroll","background-type":"","background-media":"","overlay-type":"","overlay-color":"","overlay-opacity":"","overlay-gradient":""},"tablet":{"background-color":"","background-image":"","background-repeat":"repeat","background-position":"center center","background-size":"auto","background-attachment":"scroll","background-type":"","background-media":"","overlay-type":"","overlay-color":"","overlay-opacity":"","overlay-gradient":""},"mobile":{"background-color":"","background-image":"","background-repeat":"repeat","background-position":"center center","background-size":"auto","background-attachment":"scroll","background-type":"","background-media":"","overlay-type":"","overlay-color":"","overlay-opacity":"","overlay-gradient":""}},"ast-content-background-meta":{"desktop":{"background-color":"var(--ast-global-color-4)","background-image":"","background-repeat":"repeat","background-position":"center center","background-size":"auto","background-attachment":"scroll","background-type":"","background-media":"","overlay-type":"","overlay-color":"","overlay-opacity":"","overlay-gradient":""},"tablet":{"background-color":"var(--ast-global-color-4)","background-image":"","background-repeat":"repeat","background-position":"center center","background-size":"auto","background-attachment":"scroll","background-type":"","background-media":"","overlay-type":"","overlay-color":"","overlay-opacity":"","overlay-gradient":""},"mobile":{"background-color":"var(--ast-global-color-4)","background-image":"","background-repeat":"repeat","background-position":"center center","background-size":"auto","background-attachment":"scroll","background-type":"","background-media":"","overlay-type":"","overlay-color":"","overlay-opacity":"","overlay-gradient":""}},"footnotes":""},"class_list":["post-9","page","type-page","status-publish","has-post-thumbnail","hentry"],"yoast_head":"<!-- This site is optimized with the Yoast SEO plugin v27.5 - https:\/\/yoast.com\/product\/yoast-seo-wordpress\/ -->\n<title>Minervans - Carpinteria y Ebanisteria Granada - Camperizado<\/title>\n<meta name=\"description\" content=\"Miner Vans: Expertos en carpinter\u00eda y ebanister\u00eda a medida y camperizaci\u00f3n de furgonetas. Dise\u00f1os personalizados y acabados de alta calidad para tus proyectos.\" \/>\n<meta name=\"robots\" content=\"index, follow, max-snippet:-1, max-image-preview:large, max-video-preview:-1\" \/>\n<link rel=\"canonical\" href=\"https:\/\/minervans.es\/en\/\" \/>\n<meta property=\"og:locale\" content=\"en_GB\" \/>\n<meta property=\"og:type\" content=\"article\" \/>\n<meta property=\"og:title\" content=\"Minervans - Carpinteria y Ebanisteria Granada - Camperizado\" \/>\n<meta property=\"og:description\" content=\"Miner Vans: Expertos en carpinter\u00eda y ebanister\u00eda a medida y camperizaci\u00f3n de furgonetas. Dise\u00f1os personalizados y acabados de alta calidad para tus proyectos.\" \/>\n<meta property=\"og:url\" content=\"https:\/\/minervans.es\/en\/\" \/>\n<meta property=\"og:site_name\" content=\"Minervans\" \/>\n<meta property=\"article:modified_time\" content=\"2025-09-09T11:39:03+00:00\" \/>\n<meta property=\"og:image\" content=\"https:\/\/minervans.es\/wp-content\/uploads\/2025\/08\/MINERVANWORK5-5jpg-1.jpg\" \/>\n\t<meta property=\"og:image:width\" content=\"1080\" \/>\n\t<meta property=\"og:image:height\" content=\"1350\" \/>\n\t<meta property=\"og:image:type\" content=\"image\/jpeg\" \/>\n<meta name=\"twitter:card\" content=\"summary_large_image\" \/>\n<meta name=\"twitter:label1\" content=\"Estimated reading time\" \/>\n\t<meta name=\"twitter:data1\" content=\"10 minutes\" \/>\n<script type=\"application\/ld+json\" class=\"yoast-schema-graph\">{\"@context\":\"https:\\\/\\\/schema.org\",\"@graph\":[{\"@type\":\"WebPage\",\"@id\":\"https:\\\/\\\/minervans.es\\\/\",\"url\":\"https:\\\/\\\/minervans.es\\\/\",\"name\":\"Minervans - Carpinteria y Ebanisteria Granada - Camperizado\",\"isPartOf\":{\"@id\":\"https:\\\/\\\/minervans.es\\\/#website\"},\"primaryImageOfPage\":{\"@id\":\"https:\\\/\\\/minervans.es\\\/#primaryimage\"},\"image\":{\"@id\":\"https:\\\/\\\/minervans.es\\\/#primaryimage\"},\"thumbnailUrl\":\"https:\\\/\\\/minervans.es\\\/wp-content\\\/uploads\\\/2025\\\/08\\\/MINERVANWORK5-5jpg-1.jpg\",\"datePublished\":\"2025-08-13T09:03:03+00:00\",\"dateModified\":\"2025-09-09T11:39:03+00:00\",\"description\":\"Miner Vans: Expertos en carpinter\u00eda y ebanister\u00eda a medida y camperizaci\u00f3n de furgonetas. Dise\u00f1os personalizados y acabados de alta calidad para tus proyectos.\",\"breadcrumb\":{\"@id\":\"https:\\\/\\\/minervans.es\\\/#breadcrumb\"},\"inLanguage\":\"en-GB\",\"potentialAction\":[{\"@type\":\"ReadAction\",\"target\":[\"https:\\\/\\\/minervans.es\\\/\"]}]},{\"@type\":\"ImageObject\",\"inLanguage\":\"en-GB\",\"@id\":\"https:\\\/\\\/minervans.es\\\/#primaryimage\",\"url\":\"https:\\\/\\\/minervans.es\\\/wp-content\\\/uploads\\\/2025\\\/08\\\/MINERVANWORK5-5jpg-1.jpg\",\"contentUrl\":\"https:\\\/\\\/minervans.es\\\/wp-content\\\/uploads\\\/2025\\\/08\\\/MINERVANWORK5-5jpg-1.jpg\",\"width\":1080,\"height\":1350},{\"@type\":\"BreadcrumbList\",\"@id\":\"https:\\\/\\\/minervans.es\\\/#breadcrumb\",\"itemListElement\":[{\"@type\":\"ListItem\",\"position\":1,\"name\":\"Portada\",\"item\":\"https:\\\/\\\/minervans.es\\\/\"},{\"@type\":\"ListItem\",\"position\":2,\"name\":\"Inicio\"}]},{\"@type\":\"WebSite\",\"@id\":\"https:\\\/\\\/minervans.es\\\/#website\",\"url\":\"https:\\\/\\\/minervans.es\\\/\",\"name\":\"Minervans\",\"description\":\"\",\"publisher\":{\"@id\":\"https:\\\/\\\/minervans.es\\\/#organization\"},\"potentialAction\":[{\"@type\":\"SearchAction\",\"target\":{\"@type\":\"EntryPoint\",\"urlTemplate\":\"https:\\\/\\\/minervans.es\\\/?s={search_term_string}\"},\"query-input\":{\"@type\":\"PropertyValueSpecification\",\"valueRequired\":true,\"valueName\":\"search_term_string\"}}],\"inLanguage\":\"en-GB\"},{\"@type\":\"Organization\",\"@id\":\"https:\\\/\\\/minervans.es\\\/#organization\",\"name\":\"Minervans\",\"url\":\"https:\\\/\\\/minervans.es\\\/\",\"logo\":{\"@type\":\"ImageObject\",\"inLanguage\":\"en-GB\",\"@id\":\"https:\\\/\\\/minervans.es\\\/#\\\/schema\\\/logo\\\/image\\\/\",\"url\":\"https:\\\/\\\/minervans.es\\\/wp-content\\\/uploads\\\/2025\\\/08\\\/cropped-LOGO-BLACK.png\",\"contentUrl\":\"https:\\\/\\\/minervans.es\\\/wp-content\\\/uploads\\\/2025\\\/08\\\/cropped-LOGO-BLACK.png\",\"width\":1100,\"height\":200,\"caption\":\"Minervans\"},\"image\":{\"@id\":\"https:\\\/\\\/minervans.es\\\/#\\\/schema\\\/logo\\\/image\\\/\"}}]}<\/script>\n<!-- \/ Yoast SEO plugin. -->","yoast_head_json":{"title":"Minervans - Carpinteria y Ebanisteria Granada - Camperizado","description":"Miner Vans: Expertos en carpinter\u00eda y ebanister\u00eda a medida y camperizaci\u00f3n de furgonetas. Dise\u00f1os personalizados y acabados de alta calidad para tus proyectos.","robots":{"index":"index","follow":"follow","max-snippet":"max-snippet:-1","max-image-preview":"max-image-preview:large","max-video-preview":"max-video-preview:-1"},"canonical":"https:\/\/minervans.es\/en\/","og_locale":"en_GB","og_type":"article","og_title":"Minervans - Carpinteria y Ebanisteria Granada - Camperizado","og_description":"Miner Vans: Expertos en carpinter\u00eda y ebanister\u00eda a medida y camperizaci\u00f3n de furgonetas. Dise\u00f1os personalizados y acabados de alta calidad para tus proyectos.","og_url":"https:\/\/minervans.es\/en\/","og_site_name":"Minervans","article_modified_time":"2025-09-09T11:39:03+00:00","og_image":[{"width":1080,"height":1350,"url":"https:\/\/minervans.es\/wp-content\/uploads\/2025\/08\/MINERVANWORK5-5jpg-1.jpg","type":"image\/jpeg"}],"twitter_card":"summary_large_image","twitter_misc":{"Estimated reading time":"10 minutes"},"schema":{"@context":"https:\/\/schema.org","@graph":[{"@type":"WebPage","@id":"https:\/\/minervans.es\/","url":"https:\/\/minervans.es\/","name":"Minervans - Carpinteria y Ebanisteria Granada - Camperizado","isPartOf":{"@id":"https:\/\/minervans.es\/#website"},"primaryImageOfPage":{"@id":"https:\/\/minervans.es\/#primaryimage"},"image":{"@id":"https:\/\/minervans.es\/#primaryimage"},"thumbnailUrl":"https:\/\/minervans.es\/wp-content\/uploads\/2025\/08\/MINERVANWORK5-5jpg-1.jpg","datePublished":"2025-08-13T09:03:03+00:00","dateModified":"2025-09-09T11:39:03+00:00","description":"Miner Vans: Expertos en carpinter\u00eda y ebanister\u00eda a medida y camperizaci\u00f3n de furgonetas. Dise\u00f1os personalizados y acabados de alta calidad para tus proyectos.","breadcrumb":{"@id":"https:\/\/minervans.es\/#breadcrumb"},"inLanguage":"en-GB","potentialAction":[{"@type":"ReadAction","target":["https:\/\/minervans.es\/"]}]},{"@type":"ImageObject","inLanguage":"en-GB","@id":"https:\/\/minervans.es\/#primaryimage","url":"https:\/\/minervans.es\/wp-content\/uploads\/2025\/08\/MINERVANWORK5-5jpg-1.jpg","contentUrl":"https:\/\/minervans.es\/wp-content\/uploads\/2025\/08\/MINERVANWORK5-5jpg-1.jpg","width":1080,"height":1350},{"@type":"BreadcrumbList","@id":"https:\/\/minervans.es\/#breadcrumb","itemListElement":[{"@type":"ListItem","position":1,"name":"Portada","item":"https:\/\/minervans.es\/"},{"@type":"ListItem","position":2,"name":"Inicio"}]},{"@type":"WebSite","@id":"https:\/\/minervans.es\/#website","url":"https:\/\/minervans.es\/","name":"Minervans","description":"","publisher":{"@id":"https:\/\/minervans.es\/#organization"},"potentialAction":[{"@type":"SearchAction","target":{"@type":"EntryPoint","urlTemplate":"https:\/\/minervans.es\/?s={search_term_string}"},"query-input":{"@type":"PropertyValueSpecification","valueRequired":true,"valueName":"search_term_string"}}],"inLanguage":"en-GB"},{"@type":"Organization","@id":"https:\/\/minervans.es\/#organization","name":"Minervans","url":"https:\/\/minervans.es\/","logo":{"@type":"ImageObject","inLanguage":"en-GB","@id":"https:\/\/minervans.es\/#\/schema\/logo\/image\/","url":"https:\/\/minervans.es\/wp-content\/uploads\/2025\/08\/cropped-LOGO-BLACK.png","contentUrl":"https:\/\/minervans.es\/wp-content\/uploads\/2025\/08\/cropped-LOGO-BLACK.png","width":1100,"height":200,"caption":"Minervans"},"image":{"@id":"https:\/\/minervans.es\/#\/schema\/logo\/image\/"}}]}},"_links":{"self":[{"href":"https:\/\/minervans.es\/en\/wp-json\/wp\/v2\/pages\/9","targetHints":{"allow":["GET"]}}],"collection":[{"href":"https:\/\/minervans.es\/en\/wp-json\/wp\/v2\/pages"}],"about":[{"href":"https:\/\/minervans.es\/en\/wp-json\/wp\/v2\/types\/page"}],"author":[{"embeddable":true,"href":"https:\/\/minervans.es\/en\/wp-json\/wp\/v2\/users\/1"}],"replies":[{"embeddable":true,"href":"https:\/\/minervans.es\/en\/wp-json\/wp\/v2\/comments?post=9"}],"version-history":[{"count":211,"href":"https:\/\/minervans.es\/en\/wp-json\/wp\/v2\/pages\/9\/revisions"}],"predecessor-version":[{"id":917,"href":"https:\/\/minervans.es\/en\/wp-json\/wp\/v2\/pages\/9\/revisions\/917"}],"wp:featuredmedia":[{"embeddable":true,"href":"https:\/\/minervans.es\/en\/wp-json\/wp\/v2\/media\/736"}],"wp:attachment":[{"href":"https:\/\/minervans.es\/en\/wp-json\/wp\/v2\/media?parent=9"}],"curies":[{"name":"wp","href":"https:\/\/api.w.org\/{rel}","templated":true}]}}